{"id":842,"date":"2024-03-13T17:27:07","date_gmt":"2024-03-13T17:27:07","guid":{"rendered":"https:\/\/www.stg-basel.ch\/impressum\/"},"modified":"2024-07-09T13:21:49","modified_gmt":"2024-07-09T13:21:49","slug":"mentions-legales","status":"publish","type":"page","link":"https:\/\/www.stg-basel.ch\/fr\/mentions-legales\/","title":{"rendered":"Mentions l\u00e9gales"},"content":{"rendered":"\t\t<div data-elementor-type=\"wp-page\" data-elementor-id=\"842\" class=\"elementor elementor-842 elementor-480\" data-elementor-post-type=\"page\">\n\t\t\t\t<div class=\"elementor-element elementor-element-55e59e0 singleintroimage-section e-flex e-con-boxed e-con e-parent\" data-id=\"55e59e0\" data-element_type=\"container\" data-e-type=\"container\" data-settings=\"{&quot;background_background&quot;:&quot;classic&quot;}\">\n\t\t\t\t\t<div class=\"e-con-inner\">\n\t\t\t\t<div class=\"elementor-element elementor-element-bf2be92 elementor-widget__width-initial elementor-widget-tablet__width-initial elementor-widget-mobile__width-inherit elementor-widget elementor-widget-text-editor\" data-id=\"bf2be92\" data-element_type=\"widget\" data-e-type=\"widget\" data-widget_type=\"text-editor.default\">\n\t\t\t\t<div class=\"elementor-widget-container\">\n\t\t\t\t\t\t\t\t\t<h1>Mentions l\u00e9gales<\/h1>\t\t\t\t\t\t\t\t<\/div>\n\t\t\t\t<\/div>\n\t\t\t\t\t<\/div>\n\t\t\t\t<\/div>\n\t\t<div class=\"elementor-element elementor-element-eed86ac introimagebutton-container e-flex e-con-boxed e-con e-parent\" data-id=\"eed86ac\" data-element_type=\"container\" data-e-type=\"container\">\n\t\t\t\t\t<div class=\"e-con-inner\">\n\t\t\t\t<div class=\"elementor-element elementor-element-d7fcea2 sliderbutton elementor-widget elementor-widget-button\" data-id=\"d7fcea2\" data-element_type=\"widget\" data-e-type=\"widget\" data-widget_type=\"button.default\">\n\t\t\t\t<div class=\"elementor-widget-container\">\n\t\t\t\t\t\t\t\t\t<div class=\"elementor-button-wrapper\">\n\t\t\t\t\t<a class=\"elementor-button elementor-button-link elementor-size-sm\" href=\"https:\/\/www.stg-basel.ch\/fr\/contact\/\">\n\t\t\t\t\t\t<span class=\"elementor-button-content-wrapper\">\n\t\t\t\t\t\t\t\t\t<span class=\"elementor-button-text\">Contact<\/span>\n\t\t\t\t\t<\/span>\n\t\t\t\t\t<\/a>\n\t\t\t\t<\/div>\n\t\t\t\t\t\t\t\t<\/div>\n\t\t\t\t<\/div>\n\t\t\t\t\t<\/div>\n\t\t\t\t<\/div>\n\t\t<section class=\"elementor-element elementor-element-87510f1 e-flex e-con-boxed e-con e-parent\" data-id=\"87510f1\" data-element_type=\"container\" data-e-type=\"container\">\n\t\t\t\t\t<div class=\"e-con-inner\">\n\t\t<div class=\"elementor-element elementor-element-31ac609 e-con-full e-flex elementor-invisible e-con e-child\" data-id=\"31ac609\" data-element_type=\"container\" data-e-type=\"container\" data-settings=\"{&quot;animation&quot;:&quot;fadeInUp&quot;}\">\n\t\t\t\t<div class=\"elementor-element elementor-element-7d6c60b elementor-widget elementor-widget-text-editor\" data-id=\"7d6c60b\" data-element_type=\"widget\" data-e-type=\"widget\" data-widget_type=\"text-editor.default\">\n\t\t\t\t<div class=\"elementor-widget-container\">\n\t\t\t\t\t\t\t\t\t<h1>Mentions l\u00e9gales<\/h1><h3>Responsable du contenu<\/h3><p>Soci\u00e9t\u00e9 Fiducaire Suisse SA<br \/>Lange Gasse 15<br \/>4052 B\u00e2le<\/p><p>T\u00e9l: +41 61 277 01 11<br \/>Mail:\u00a0<a href=\"mailto:info@stg-basel.ch\">info@stg-basel.ch<\/a><\/p><h3>Conception, programmation et h\u00e9bergement<\/h3><p>Valpix GmbH<br \/>Kehrstrasse 12<br \/>3904 Naters<\/p><p>Telefon: 027 924 60 82<br \/>E-Mail:\u00a0<a href=\"mailto:info@valpix.ch\">\u2028info@valpix.ch<\/a><br \/>Website:\u00a0<a href=\"https:\/\/www.valpix.ch\/\" target=\"_blank\" rel=\"noopener\">www.valpix.ch<\/a><\/p><h3>Indication de responsabilit\u00e9<\/h3><p>Le contenu de ces pages web est trait\u00e9 avec le plus grand soin. N\u00e9anmoins, aucune responsabilit\u00e9 n\u2019est engag\u00e9e pour le contenu. Sous r\u00e9serve d\u2019erreurs d\u2019impression, d\u2019erreurs et de modifications. Le contenu est prot\u00e9g\u00e9 par le droit d\u2019auteur. Nous d\u00e9clinons toute responsabilit\u00e9 pour le contenu des liens externes. Le contenu des pages li\u00e9es rel\u00e8ve de la responsabilit\u00e9 exclusive de leurs exploitants<\/p>\t\t\t\t\t\t\t\t<\/div>\n\t\t\t\t<\/div>\n\t\t\t\t<\/div>\n\t\t\t\t\t<\/div>\n\t\t\t\t<\/section>\n\t\t<section class=\"elementor-element elementor-element-e344695 e-flex e-con-boxed elementor-invisible e-con e-parent\" data-id=\"e344695\" data-element_type=\"container\" data-e-type=\"container\" data-settings=\"{&quot;animation&quot;:&quot;fadeInUp&quot;}\">\n\t\t\t\t\t<div class=\"e-con-inner\">\n\t\t<div class=\"elementor-element elementor-element-9a32e9d ctasection e-flex e-con-boxed e-con e-child\" data-id=\"9a32e9d\" data-element_type=\"container\" data-e-type=\"container\">\n\t\t\t\t\t<div class=\"e-con-inner\">\n\t\t\t\t<div class=\"elementor-element elementor-element-df3898b elementor-widget-mobile__width-inherit elementor-widget elementor-widget-text-editor\" data-id=\"df3898b\" data-element_type=\"widget\" data-e-type=\"widget\" data-widget_type=\"text-editor.default\">\n\t\t\t\t<div class=\"elementor-widget-container\">\n\t\t\t\t\t\t\t\t\t<p>Avez-vous des questions?<br \/>Souhaitez-vous des conseils?<\/p>\t\t\t\t\t\t\t\t<\/div>\n\t\t\t\t<\/div>\n\t\t\t\t<div class=\"elementor-element elementor-element-d9346b3 elementor-widget-mobile__width-inherit elementor-widget elementor-widget-button\" data-id=\"d9346b3\" data-element_type=\"widget\" data-e-type=\"widget\" data-widget_type=\"button.default\">\n\t\t\t\t<div class=\"elementor-widget-container\">\n\t\t\t\t\t\t\t\t\t<div class=\"elementor-button-wrapper\">\n\t\t\t\t\t<a class=\"elementor-button elementor-button-link elementor-size-sm\" href=\"https:\/\/www.stg-basel.ch\/fr\/contact\/\">\n\t\t\t\t\t\t<span class=\"elementor-button-content-wrapper\">\n\t\t\t\t\t\t\t\t\t<span class=\"elementor-button-text\">Contact<\/span>\n\t\t\t\t\t<\/span>\n\t\t\t\t\t<\/a>\n\t\t\t\t<\/div>\n\t\t\t\t\t\t\t\t<\/div>\n\t\t\t\t<\/div>\n\t\t\t\t\t<\/div>\n\t\t\t\t<\/div>\n\t\t\t\t\t<\/div>\n\t\t\t\t<\/section>\n\t\t\t\t<\/div>\n\t\t","protected":false},"excerpt":{"rendered":"<p>Mentions l\u00e9gales Contact Mentions l\u00e9gales Responsable du contenu Soci\u00e9t\u00e9 Fiducaire Suisse SALange Gasse 154052 B\u00e2le T\u00e9l: +41 61 277 01 11Mail:\u00a0info@stg-basel.ch Conception, programmation et h\u00e9bergement Valpix GmbHKehrstrasse 123904 Naters Telefon: 027 924 60 82E-Mail:\u00a0\u2028info@valpix.chWebsite:\u00a0www.valpix.ch Indication de responsabilit\u00e9 Le contenu de ces pages web est trait\u00e9 avec le plus grand soin. N\u00e9anmoins, aucune responsabilit\u00e9 n\u2019est engag\u00e9e [&hellip;]<\/p>\n","protected":false},"author":1,"featured_media":756,"parent":0,"menu_order":0,"comment_status":"closed","ping_status":"closed","template":"","meta":{"_acf_changed":false,"footnotes":""},"class_list":["post-842","page","type-page","status-publish","has-post-thumbnail","hentry"],"acf":[],"yoast_head":"<!-- This site is optimized with the Yoast SEO plugin v28.4 - https:\/\/yoast.com\/product\/yoast-seo-wordpress\/ -->\n<title>Mentions l\u00e9gales - Schweizerische Treuhandgesellschaft (Basel) AG<\/title>\n<meta name=\"robots\" content=\"noindex, nofollow\" \/>\n<meta property=\"og:locale\" content=\"fr_FR\" \/>\n<meta property=\"og:type\" content=\"article\" \/>\n<meta property=\"og:title\" content=\"Mentions l\u00e9gales - Schweizerische Treuhandgesellschaft (Basel) AG\" \/>\n<meta property=\"og:description\" content=\"Mentions l\u00e9gales Contact Mentions l\u00e9gales Responsable du contenu Soci\u00e9t\u00e9 Fiducaire Suisse SALange Gasse 154052 B\u00e2le T\u00e9l: +41 61 277 01 11Mail:\u00a0info@stg-basel.ch Conception, programmation et h\u00e9bergement Valpix GmbHKehrstrasse 123904 Naters Telefon: 027 924 60 82E-Mail:\u00a0\u2028info@valpix.chWebsite:\u00a0www.valpix.ch Indication de responsabilit\u00e9 Le contenu de ces pages web est trait\u00e9 avec le plus grand soin. N\u00e9anmoins, aucune responsabilit\u00e9 n\u2019est engag\u00e9e [&hellip;]\" \/>\n<meta property=\"og:url\" content=\"https:\/\/www.stg-basel.ch\/fr\/mentions-legales\/\" \/>\n<meta property=\"og:site_name\" content=\"Schweizerische Treuhandgesellschaft (Basel) AG\" \/>\n<meta property=\"article:modified_time\" content=\"2024-07-09T13:21:49+00:00\" \/>\n<meta property=\"og:image\" content=\"https:\/\/www.stg-basel.ch\/wp-content\/uploads\/2024\/03\/Schweizerische-Treuhandgesellschaft-Revision-Impressum.jpg\" \/>\n\t<meta property=\"og:image:width\" content=\"1024\" \/>\n\t<meta property=\"og:image:height\" content=\"683\" \/>\n\t<meta property=\"og:image:type\" content=\"image\/jpeg\" \/>\n<meta name=\"twitter:card\" content=\"summary_large_image\" \/>\n<meta name=\"twitter:label1\" content=\"Dur\u00e9e de lecture estim\u00e9e\" \/>\n\t<meta name=\"twitter:data1\" content=\"1 minute\" \/>\n<script type=\"application\/ld+json\" class=\"yoast-schema-graph\">{\"@context\":\"https:\\\/\\\/schema.org\",\"@graph\":[{\"@type\":\"WebPage\",\"@id\":\"https:\\\/\\\/www.stg-basel.ch\\\/fr\\\/mentions-legales\\\/\",\"url\":\"https:\\\/\\\/www.stg-basel.ch\\\/fr\\\/mentions-legales\\\/\",\"name\":\"Mentions l\u00e9gales - Schweizerische Treuhandgesellschaft (Basel) AG\",\"isPartOf\":{\"@id\":\"https:\\\/\\\/www.stg-basel.ch\\\/#website\"},\"primaryImageOfPage\":{\"@id\":\"https:\\\/\\\/www.stg-basel.ch\\\/fr\\\/mentions-legales\\\/#primaryimage\"},\"image\":{\"@id\":\"https:\\\/\\\/www.stg-basel.ch\\\/fr\\\/mentions-legales\\\/#primaryimage\"},\"thumbnailUrl\":\"https:\\\/\\\/www.stg-basel.ch\\\/wp-content\\\/uploads\\\/2024\\\/03\\\/Schweizerische-Treuhandgesellschaft-Revision-Impressum.jpg\",\"datePublished\":\"2024-03-13T17:27:07+00:00\",\"dateModified\":\"2024-07-09T13:21:49+00:00\",\"breadcrumb\":{\"@id\":\"https:\\\/\\\/www.stg-basel.ch\\\/fr\\\/mentions-legales\\\/#breadcrumb\"},\"inLanguage\":\"fr-FR\",\"potentialAction\":[{\"@type\":\"ReadAction\",\"target\":[\"https:\\\/\\\/www.stg-basel.ch\\\/fr\\\/mentions-legales\\\/\"]}]},{\"@type\":\"ImageObject\",\"inLanguage\":\"fr-FR\",\"@id\":\"https:\\\/\\\/www.stg-basel.ch\\\/fr\\\/mentions-legales\\\/#primaryimage\",\"url\":\"https:\\\/\\\/www.stg-basel.ch\\\/wp-content\\\/uploads\\\/2024\\\/03\\\/Schweizerische-Treuhandgesellschaft-Revision-Impressum.jpg\",\"contentUrl\":\"https:\\\/\\\/www.stg-basel.ch\\\/wp-content\\\/uploads\\\/2024\\\/03\\\/Schweizerische-Treuhandgesellschaft-Revision-Impressum.jpg\",\"width\":1024,\"height\":683},{\"@type\":\"BreadcrumbList\",\"@id\":\"https:\\\/\\\/www.stg-basel.ch\\\/fr\\\/mentions-legales\\\/#breadcrumb\",\"itemListElement\":[{\"@type\":\"ListItem\",\"position\":1,\"name\":\"Startseite\",\"item\":\"https:\\\/\\\/www.stg-basel.ch\\\/fr\\\/\"},{\"@type\":\"ListItem\",\"position\":2,\"name\":\"Mentions l\u00e9gales\"}]},{\"@type\":\"WebSite\",\"@id\":\"https:\\\/\\\/www.stg-basel.ch\\\/#website\",\"url\":\"https:\\\/\\\/www.stg-basel.ch\\\/\",\"name\":\"Schweizerische Treuhandgesellschaft (Basel) AG\",\"description\":\"\",\"publisher\":{\"@id\":\"https:\\\/\\\/www.stg-basel.ch\\\/#organization\"},\"potentialAction\":[{\"@type\":\"SearchAction\",\"target\":{\"@type\":\"EntryPoint\",\"urlTemplate\":\"https:\\\/\\\/www.stg-basel.ch\\\/?s={search_term_string}\"},\"query-input\":{\"@type\":\"PropertyValueSpecification\",\"valueRequired\":true,\"valueName\":\"search_term_string\"}}],\"inLanguage\":\"fr-FR\"},{\"@type\":\"Organization\",\"@id\":\"https:\\\/\\\/www.stg-basel.ch\\\/#organization\",\"name\":\"Schweizerische Treuhandgesellschaft (Basel) AG\",\"url\":\"https:\\\/\\\/www.stg-basel.ch\\\/\",\"logo\":{\"@type\":\"ImageObject\",\"inLanguage\":\"fr-FR\",\"@id\":\"https:\\\/\\\/www.stg-basel.ch\\\/#\\\/schema\\\/logo\\\/image\\\/\",\"url\":\"https:\\\/\\\/www.stg-basel.ch\\\/wp-content\\\/uploads\\\/2024\\\/03\\\/Logo-STG-Basel.svg\",\"contentUrl\":\"https:\\\/\\\/www.stg-basel.ch\\\/wp-content\\\/uploads\\\/2024\\\/03\\\/Logo-STG-Basel.svg\",\"width\":443,\"height\":85,\"caption\":\"Schweizerische Treuhandgesellschaft (Basel) AG\"},\"image\":{\"@id\":\"https:\\\/\\\/www.stg-basel.ch\\\/#\\\/schema\\\/logo\\\/image\\\/\"}}]}<\/script>\n<!-- \/ Yoast SEO plugin. -->","yoast_head_json":{"title":"Mentions l\u00e9gales - Schweizerische Treuhandgesellschaft (Basel) AG","robots":{"index":"noindex","follow":"nofollow"},"og_locale":"fr_FR","og_type":"article","og_title":"Mentions l\u00e9gales - Schweizerische Treuhandgesellschaft (Basel) AG","og_description":"Mentions l\u00e9gales Contact Mentions l\u00e9gales Responsable du contenu Soci\u00e9t\u00e9 Fiducaire Suisse SALange Gasse 154052 B\u00e2le T\u00e9l: +41 61 277 01 11Mail:\u00a0info@stg-basel.ch Conception, programmation et h\u00e9bergement Valpix GmbHKehrstrasse 123904 Naters Telefon: 027 924 60 82E-Mail:\u00a0\u2028info@valpix.chWebsite:\u00a0www.valpix.ch Indication de responsabilit\u00e9 Le contenu de ces pages web est trait\u00e9 avec le plus grand soin. N\u00e9anmoins, aucune responsabilit\u00e9 n\u2019est engag\u00e9e [&hellip;]","og_url":"https:\/\/www.stg-basel.ch\/fr\/mentions-legales\/","og_site_name":"Schweizerische Treuhandgesellschaft (Basel) AG","article_modified_time":"2024-07-09T13:21:49+00:00","og_image":[{"width":1024,"height":683,"url":"https:\/\/www.stg-basel.ch\/wp-content\/uploads\/2024\/03\/Schweizerische-Treuhandgesellschaft-Revision-Impressum.jpg","type":"image\/jpeg"}],"twitter_card":"summary_large_image","twitter_misc":{"Dur\u00e9e de lecture estim\u00e9e":"1 minute"},"schema":{"@context":"https:\/\/schema.org","@graph":[{"@type":"WebPage","@id":"https:\/\/www.stg-basel.ch\/fr\/mentions-legales\/","url":"https:\/\/www.stg-basel.ch\/fr\/mentions-legales\/","name":"Mentions l\u00e9gales - Schweizerische Treuhandgesellschaft (Basel) AG","isPartOf":{"@id":"https:\/\/www.stg-basel.ch\/#website"},"primaryImageOfPage":{"@id":"https:\/\/www.stg-basel.ch\/fr\/mentions-legales\/#primaryimage"},"image":{"@id":"https:\/\/www.stg-basel.ch\/fr\/mentions-legales\/#primaryimage"},"thumbnailUrl":"https:\/\/www.stg-basel.ch\/wp-content\/uploads\/2024\/03\/Schweizerische-Treuhandgesellschaft-Revision-Impressum.jpg","datePublished":"2024-03-13T17:27:07+00:00","dateModified":"2024-07-09T13:21:49+00:00","breadcrumb":{"@id":"https:\/\/www.stg-basel.ch\/fr\/mentions-legales\/#breadcrumb"},"inLanguage":"fr-FR","potentialAction":[{"@type":"ReadAction","target":["https:\/\/www.stg-basel.ch\/fr\/mentions-legales\/"]}]},{"@type":"ImageObject","inLanguage":"fr-FR","@id":"https:\/\/www.stg-basel.ch\/fr\/mentions-legales\/#primaryimage","url":"https:\/\/www.stg-basel.ch\/wp-content\/uploads\/2024\/03\/Schweizerische-Treuhandgesellschaft-Revision-Impressum.jpg","contentUrl":"https:\/\/www.stg-basel.ch\/wp-content\/uploads\/2024\/03\/Schweizerische-Treuhandgesellschaft-Revision-Impressum.jpg","width":1024,"height":683},{"@type":"BreadcrumbList","@id":"https:\/\/www.stg-basel.ch\/fr\/mentions-legales\/#breadcrumb","itemListElement":[{"@type":"ListItem","position":1,"name":"Startseite","item":"https:\/\/www.stg-basel.ch\/fr\/"},{"@type":"ListItem","position":2,"name":"Mentions l\u00e9gales"}]},{"@type":"WebSite","@id":"https:\/\/www.stg-basel.ch\/#website","url":"https:\/\/www.stg-basel.ch\/","name":"Schweizerische Treuhandgesellschaft (Basel) AG","description":"","publisher":{"@id":"https:\/\/www.stg-basel.ch\/#organization"},"potentialAction":[{"@type":"SearchAction","target":{"@type":"EntryPoint","urlTemplate":"https:\/\/www.stg-basel.ch\/?s={search_term_string}"},"query-input":{"@type":"PropertyValueSpecification","valueRequired":true,"valueName":"search_term_string"}}],"inLanguage":"fr-FR"},{"@type":"Organization","@id":"https:\/\/www.stg-basel.ch\/#organization","name":"Schweizerische Treuhandgesellschaft (Basel) AG","url":"https:\/\/www.stg-basel.ch\/","logo":{"@type":"ImageObject","inLanguage":"fr-FR","@id":"https:\/\/www.stg-basel.ch\/#\/schema\/logo\/image\/","url":"https:\/\/www.stg-basel.ch\/wp-content\/uploads\/2024\/03\/Logo-STG-Basel.svg","contentUrl":"https:\/\/www.stg-basel.ch\/wp-content\/uploads\/2024\/03\/Logo-STG-Basel.svg","width":443,"height":85,"caption":"Schweizerische Treuhandgesellschaft (Basel) AG"},"image":{"@id":"https:\/\/www.stg-basel.ch\/#\/schema\/logo\/image\/"}}]}},"_links":{"self":[{"href":"https:\/\/www.stg-basel.ch\/fr\/wp-json\/wp\/v2\/pages\/842","targetHints":{"allow":["GET"]}}],"collection":[{"href":"https:\/\/www.stg-basel.ch\/fr\/wp-json\/wp\/v2\/pages"}],"about":[{"href":"https:\/\/www.stg-basel.ch\/fr\/wp-json\/wp\/v2\/types\/page"}],"author":[{"embeddable":true,"href":"https:\/\/www.stg-basel.ch\/fr\/wp-json\/wp\/v2\/users\/1"}],"replies":[{"embeddable":true,"href":"https:\/\/www.stg-basel.ch\/fr\/wp-json\/wp\/v2\/comments?post=842"}],"version-history":[{"count":5,"href":"https:\/\/www.stg-basel.ch\/fr\/wp-json\/wp\/v2\/pages\/842\/revisions"}],"predecessor-version":[{"id":1175,"href":"https:\/\/www.stg-basel.ch\/fr\/wp-json\/wp\/v2\/pages\/842\/revisions\/1175"}],"wp:featuredmedia":[{"embeddable":true,"href":"https:\/\/www.stg-basel.ch\/fr\/wp-json\/wp\/v2\/media\/756"}],"wp:attachment":[{"href":"https:\/\/www.stg-basel.ch\/fr\/wp-json\/wp\/v2\/media?parent=842"}],"curies":[{"name":"wp","href":"https:\/\/api.w.org\/{rel}","templated":true}]}}