{"id":903,"date":"2024-03-13T16:40:14","date_gmt":"2024-03-13T16:40:14","guid":{"rendered":"https:\/\/www.stg-basel.ch\/recht\/"},"modified":"2024-07-19T12:18:50","modified_gmt":"2024-07-19T12:18:50","slug":"droit","status":"publish","type":"page","link":"https:\/\/www.stg-basel.ch\/fr\/droit\/","title":{"rendered":"Droit"},"content":{"rendered":"\t\t<div data-elementor-type=\"wp-page\" data-elementor-id=\"903\" class=\"elementor elementor-903 elementor-426\" data-elementor-post-type=\"page\">\n\t\t\t\t<div class=\"elementor-element elementor-element-55e59e0 singleintroimage-section e-flex e-con-boxed e-con e-parent\" data-id=\"55e59e0\" data-element_type=\"container\" data-e-type=\"container\" data-settings=\"{&quot;background_background&quot;:&quot;classic&quot;}\">\n\t\t\t\t\t<div class=\"e-con-inner\">\n\t\t\t\t<div class=\"elementor-element elementor-element-bf2be92 elementor-widget__width-initial elementor-widget-tablet__width-initial elementor-widget-mobile__width-inherit elementor-widget elementor-widget-text-editor\" data-id=\"bf2be92\" data-element_type=\"widget\" data-e-type=\"widget\" data-widget_type=\"text-editor.default\">\n\t\t\t\t<div class=\"elementor-widget-container\">\n\t\t\t\t\t\t\t\t\t<h1>Le droit compte<\/h1>\t\t\t\t\t\t\t\t<\/div>\n\t\t\t\t<\/div>\n\t\t\t\t\t<\/div>\n\t\t\t\t<\/div>\n\t\t<div class=\"elementor-element elementor-element-eed86ac introimagebutton-container e-flex e-con-boxed e-con e-parent\" data-id=\"eed86ac\" data-element_type=\"container\" data-e-type=\"container\">\n\t\t\t\t\t<div class=\"e-con-inner\">\n\t\t\t\t<div class=\"elementor-element elementor-element-d7fcea2 sliderbutton elementor-widget elementor-widget-button\" data-id=\"d7fcea2\" data-element_type=\"widget\" data-e-type=\"widget\" data-widget_type=\"button.default\">\n\t\t\t\t<div class=\"elementor-widget-container\">\n\t\t\t\t\t\t\t\t\t<div class=\"elementor-button-wrapper\">\n\t\t\t\t\t<a class=\"elementor-button elementor-button-link elementor-size-sm\" href=\"https:\/\/www.stg-basel.ch\/fr\/contact\/\">\n\t\t\t\t\t\t<span class=\"elementor-button-content-wrapper\">\n\t\t\t\t\t\t\t\t\t<span class=\"elementor-button-text\">Contact<\/span>\n\t\t\t\t\t<\/span>\n\t\t\t\t\t<\/a>\n\t\t\t\t<\/div>\n\t\t\t\t\t\t\t\t<\/div>\n\t\t\t\t<\/div>\n\t\t\t\t\t<\/div>\n\t\t\t\t<\/div>\n\t\t<section class=\"elementor-element elementor-element-87510f1 e-flex e-con-boxed e-con e-parent\" data-id=\"87510f1\" data-element_type=\"container\" data-e-type=\"container\">\n\t\t\t\t\t<div class=\"e-con-inner\">\n\t\t<div class=\"elementor-element elementor-element-31ac609 e-con-full e-flex elementor-invisible e-con e-child\" data-id=\"31ac609\" data-element_type=\"container\" data-e-type=\"container\" data-settings=\"{&quot;animation&quot;:&quot;fadeInUp&quot;}\">\n\t\t\t\t<div class=\"elementor-element elementor-element-7d6c60b elementor-widget elementor-widget-text-editor\" data-id=\"7d6c60b\" data-element_type=\"widget\" data-e-type=\"widget\" data-widget_type=\"text-editor.default\">\n\t\t\t\t<div class=\"elementor-widget-container\">\n\t\t\t\t\t\t\t\t\t<h1><strong>Droit<\/strong><\/h1><p><strong>Conseils juridiques aux entreprises<\/strong><\/p><p>Les entreprises sont constamment confront\u00e9es \u00e0 de nouveaux d\u00e9fis. Nous vous conseillons et vous repr\u00e9sentons dans les questions contractuelles li\u00e9es \u00e0 vos activit\u00e9s dans un large \u00e9ventail de domaines juridiques et industriels. Nous vous accompagnons dans les situations de changement au sein de votre entreprise par des conseils juridiques et strat\u00e9giques.<\/p><ul><li>Droit des soci\u00e9t\u00e9s (constitution de soci\u00e9t\u00e9s, conformit\u00e9, fusions et acquisitions, droit du travail), Droit des contrats et droit commercial (contrats d\u2019achat, contrats de travail et de services, contrats de distribution, contrats de licence, commandes, conditions g\u00e9n\u00e9rales, contrats types, r\u00e8glements)<\/li><li>Droit des contrats et droit commercial (contrats d\u2019achat, contrats de travail et de services, contrats de distribution, contrats de licence, commandes, conditions g\u00e9n\u00e9rales, contrats types, r\u00e8glements) Soutien dans la n\u00e9gociation de contrats<\/li><li>Un soutien complet aux entreprises familiales<\/li><li>Soutien dans les n\u00e9gociations contractuelles<\/li><li>Service juridique externe<\/li><\/ul><p>\u00a0<\/p><p><strong>Conseils juridiques pour les particuliers<\/strong><\/p><p>Avez-vous besoin d\u2019une assistance juridique pour acheter un appartement ou une maison ? Vous souhaitez un contrat de mariage ou la r\u00e9daction d\u2019une convention de divorce, ou encore un partenaire juridiquement comp\u00e9tent pour communiquer avec les autorit\u00e9s ? La vie quotidienne offre de nombreuses pierres d\u2019achoppement juridiques. Afin de les \u00e9viter, nous sommes heureux d\u2019\u00eatre votre point de contact pour toutes les questions juridiques vous concernant en tant qu\u2019individu.<\/p><ul><li>Droit de la famille (droit du mariage et du divorce, KESB)<\/li><li>Droit de la construction et de l\u2019immobilier<\/li><li>Droit de la location<\/li><li>Droit du travail<\/li><li>R\u00e8glement extrajudiciaire et m\u00e9diation en cas de conflit<\/li><li>Family office \/ service de conciergerie<\/li><li>D\u00e9m\u00e9nagement de la r\u00e9sidence en Suisse ou \u00e0 l\u2019\u00e9tranger<\/li><\/ul><p>\u00a0<\/p><p><strong>Conseils juridiques sur le droit des successions<\/strong><\/p><p>Vous souhaitez r\u00e9gler votre succession de mani\u00e8re globale ? Planifier sa propre succession \u00e0 un stade pr\u00e9coce permet non seulement d\u2019acc\u00e9l\u00e9rer la proc\u00e9dure d\u2019homologation, mais aussi de soulager les personnes \u00e0 charge survivantes en deuil et de garantir le respect de vos souhaits m\u00eame apr\u00e8s votre d\u00e9c\u00e8s.<\/p><p>Une planification successorale optimale se pr\u00e9sente diff\u00e9remment dans chaque cas individuel et peut \u00eatre compos\u00e9e de divers instruments juridiques pertinents. Les besoins individuels et la situation familiale sont d\u00e9terminants dans la conception.<\/p><ul><li>Testament<\/li><li>Procuration pour les soins de sant\u00e9<\/li><li>Testament de vie<\/li><li>Contrats de mariage et d\u2019h\u00e9ritage<\/li><li>Accords de cohabitation<\/li><li>Cr\u00e9ation de fondations et de trusts caritatifs<\/li><li>Ex\u00e9cution des testaments<\/li><li>Actes d\u2019h\u00e9ritage<\/li><\/ul>\t\t\t\t\t\t\t\t<\/div>\n\t\t\t\t<\/div>\n\t\t\t\t<\/div>\n\t\t<div class=\"elementor-element elementor-element-fdb5efa e-con-full e-flex elementor-invisible e-con e-child\" data-id=\"fdb5efa\" data-element_type=\"container\" data-e-type=\"container\" data-settings=\"{&quot;animation&quot;:&quot;fadeInUp&quot;,&quot;animation_delay&quot;:250}\">\n\t\t\t\t<div class=\"elementor-element elementor-element-10a64fb elementor-grid-1 elementor-grid-tablet-1 elementor-grid-mobile-1 elementor-widget elementor-widget-loop-grid\" data-id=\"10a64fb\" data-element_type=\"widget\" data-e-type=\"widget\" data-settings=\"{&quot;template_id&quot;:1100,&quot;columns&quot;:1,&quot;columns_tablet&quot;:1,&quot;_skin&quot;:&quot;post&quot;,&quot;columns_mobile&quot;:&quot;1&quot;,&quot;edit_handle_selector&quot;:&quot;[data-elementor-type=\\&quot;loop-item\\&quot;]&quot;,&quot;row_gap&quot;:{&quot;unit&quot;:&quot;px&quot;,&quot;size&quot;:&quot;&quot;,&quot;sizes&quot;:[]},&quot;row_gap_tablet&quot;:{&quot;unit&quot;:&quot;px&quot;,&quot;size&quot;:&quot;&quot;,&quot;sizes&quot;:[]},&quot;row_gap_mobile&quot;:{&quot;unit&quot;:&quot;px&quot;,&quot;size&quot;:&quot;&quot;,&quot;sizes&quot;:[]}}\" data-widget_type=\"loop-grid.post\">\n\t\t\t\t<div class=\"elementor-widget-container\">\n\t\t\t\t\t\t\t<div class=\"elementor-loop-container elementor-grid\" role=\"list\">\n\t\t<style id=\"loop-1100\">.elementor-1100 .elementor-element.elementor-element-ef62140{--display:flex;--gap:0px 0px;--row-gap:0px;--column-gap:0px;}.elementor-1100 .elementor-element.elementor-element-1f01925 > .elementor-widget-container{margin:0px 0px 0px 0px;}.elementor-1100 .elementor-element.elementor-element-c637157 > .elementor-widget-container{margin:20px 0px 20px 0px;}.elementor-1100 .elementor-element.elementor-element-a6a2f00 .elementor-heading-title{font-weight:700;}@media(max-width:767px){.elementor-1100 .elementor-element.elementor-element-ef62140{--padding-top:0px;--padding-bottom:0px;--padding-left:0px;--padding-right:0px;}}<\/style>\t\t<div data-elementor-type=\"loop-item\" data-elementor-id=\"1100\" class=\"elementor elementor-1100 elementor-316 elementor-316 e-loop-item e-loop-item-1341 post-1341 team type-team status-publish has-post-thumbnail hentry team-bereich-partner\" data-elementor-post-type=\"elementor_library\" data-custom-edit-handle=\"1\">\n\t\t\t<div class=\"elementor-element elementor-element-ef62140 contactperson e-flex e-con-boxed e-con e-parent\" data-id=\"ef62140\" data-element_type=\"container\" data-e-type=\"container\">\n\t\t\t\t\t<div class=\"e-con-inner\">\n\t\t\t\t<div class=\"elementor-element elementor-element-1f01925 elementor-widget elementor-widget-image\" data-id=\"1f01925\" data-element_type=\"widget\" data-e-type=\"widget\" data-widget_type=\"image.default\">\n\t\t\t\t<div class=\"elementor-widget-container\">\n\t\t\t\t\t\t\t\t\t\t\t\t\t\t\t<img fetchpriority=\"high\" decoding=\"async\" width=\"800\" height=\"534\" src=\"https:\/\/www.stg-basel.ch\/wp-content\/uploads\/2024\/03\/STG-Basel-Gines-Garcia-1024x683.jpg\" class=\"attachment-large size-large wp-image-712\" alt=\"\" srcset=\"https:\/\/www.stg-basel.ch\/wp-content\/uploads\/2024\/03\/STG-Basel-Gines-Garcia-1024x683.jpg 1024w, https:\/\/www.stg-basel.ch\/wp-content\/uploads\/2024\/03\/STG-Basel-Gines-Garcia-300x200.jpg 300w, https:\/\/www.stg-basel.ch\/wp-content\/uploads\/2024\/03\/STG-Basel-Gines-Garcia-768x512.jpg 768w, https:\/\/www.stg-basel.ch\/wp-content\/uploads\/2024\/03\/STG-Basel-Gines-Garcia-1536x1024.jpg 1536w, https:\/\/www.stg-basel.ch\/wp-content\/uploads\/2024\/03\/STG-Basel-Gines-Garcia.jpg 2048w\" sizes=\"(max-width: 800px) 100vw, 800px\" \/>\t\t\t\t\t\t\t\t\t\t\t\t\t\t\t<\/div>\n\t\t\t\t<\/div>\n\t\t\t\t<div class=\"elementor-element elementor-element-c637157 elementor-widget elementor-widget-text-editor\" data-id=\"c637157\" data-element_type=\"widget\" data-e-type=\"widget\" data-widget_type=\"text-editor.default\">\n\t\t\t\t<div class=\"elementor-widget-container\">\n\t\t\t\t\t\t\t\t\t<h5><strong>Votre personne de contact<\/strong><\/h5>\t\t\t\t\t\t\t\t<\/div>\n\t\t\t\t<\/div>\n\t\t\t\t<div class=\"elementor-element elementor-element-a6a2f00 elementor-widget elementor-widget-theme-post-title elementor-page-title elementor-widget-heading\" data-id=\"a6a2f00\" data-element_type=\"widget\" data-e-type=\"widget\" data-widget_type=\"theme-post-title.default\">\n\t\t\t\t<div class=\"elementor-widget-container\">\n\t\t\t\t\t<p class=\"elementor-heading-title elementor-size-default\">Garc\u00eda Gin\u00e9s F.<\/p>\t\t\t\t<\/div>\n\t\t\t\t<\/div>\n\t\t\t\t<div class=\"elementor-element elementor-element-e622eac elementor-widget elementor-widget-text-editor\" data-id=\"e622eac\" data-element_type=\"widget\" data-e-type=\"widget\" data-widget_type=\"text-editor.default\">\n\t\t\t\t<div class=\"elementor-widget-container\">\n\t\t\t\t\t\t\t\t\t<p>Avocat<br \/>\nAssoci\u00e9, Responsable du service juridique et conseil aux entreprises<br \/>\nMembre de la Direction<\/p>\n<p>T\u00e9l.: <a href=\"tel:+41612770115\">+41 61 277 01 15<\/a><br \/>\nMail:\u00a0<a href=\"mailto:gines.garcia@stg-basel.ch\">gines.garcia@stg-basel.ch<\/a><\/p>\n\t\t\t\t\t\t\t\t<\/div>\n\t\t\t\t<\/div>\n\t\t\t\t\t<\/div>\n\t\t\t\t<\/div>\n\t\t\t\t<\/div>\n\t\t\t\t<\/div>\n\t\t\n\t\t\t\t\t\t<\/div>\n\t\t\t\t<\/div>\n\t\t\t\t<\/div>\n\t\t\t\t\t<\/div>\n\t\t\t\t<\/section>\n\t\t<section class=\"elementor-element elementor-element-e344695 e-flex e-con-boxed elementor-invisible e-con e-parent\" data-id=\"e344695\" data-element_type=\"container\" data-e-type=\"container\" data-settings=\"{&quot;animation&quot;:&quot;fadeInUp&quot;}\">\n\t\t\t\t\t<div class=\"e-con-inner\">\n\t\t<div class=\"elementor-element elementor-element-9a32e9d ctasection e-flex e-con-boxed e-con e-child\" data-id=\"9a32e9d\" data-element_type=\"container\" data-e-type=\"container\">\n\t\t\t\t\t<div class=\"e-con-inner\">\n\t\t\t\t<div class=\"elementor-element elementor-element-df3898b elementor-widget-mobile__width-inherit elementor-widget elementor-widget-text-editor\" data-id=\"df3898b\" data-element_type=\"widget\" data-e-type=\"widget\" data-widget_type=\"text-editor.default\">\n\t\t\t\t<div class=\"elementor-widget-container\">\n\t\t\t\t\t\t\t\t\t<p>Avez-vous des questions?<br \/>Souhaitez-vous des conseils?<\/p>\t\t\t\t\t\t\t\t<\/div>\n\t\t\t\t<\/div>\n\t\t\t\t<div class=\"elementor-element elementor-element-d9346b3 elementor-widget-mobile__width-inherit elementor-widget elementor-widget-button\" data-id=\"d9346b3\" data-element_type=\"widget\" data-e-type=\"widget\" data-widget_type=\"button.default\">\n\t\t\t\t<div class=\"elementor-widget-container\">\n\t\t\t\t\t\t\t\t\t<div class=\"elementor-button-wrapper\">\n\t\t\t\t\t<a class=\"elementor-button elementor-button-link elementor-size-sm\" href=\"https:\/\/www.stg-basel.ch\/fr\/contact\/\">\n\t\t\t\t\t\t<span class=\"elementor-button-content-wrapper\">\n\t\t\t\t\t\t\t\t\t<span class=\"elementor-button-text\">Contact<\/span>\n\t\t\t\t\t<\/span>\n\t\t\t\t\t<\/a>\n\t\t\t\t<\/div>\n\t\t\t\t\t\t\t\t<\/div>\n\t\t\t\t<\/div>\n\t\t\t\t\t<\/div>\n\t\t\t\t<\/div>\n\t\t\t\t\t<\/div>\n\t\t\t\t<\/section>\n\t\t\t\t<\/div>\n\t\t","protected":false},"excerpt":{"rendered":"<p>Le droit compte Contact Droit Conseils juridiques aux entreprises Les entreprises sont constamment confront\u00e9es \u00e0 de nouveaux d\u00e9fis. Nous vous conseillons et vous repr\u00e9sentons dans les questions contractuelles li\u00e9es \u00e0 vos activit\u00e9s dans un large \u00e9ventail de domaines juridiques et industriels. Nous vous accompagnons dans les situations de changement au sein de votre entreprise par [&hellip;]<\/p>\n","protected":false},"author":1,"featured_media":744,"parent":0,"menu_order":0,"comment_status":"closed","ping_status":"closed","template":"","meta":{"_acf_changed":false,"footnotes":""},"class_list":["post-903","page","type-page","status-publish","has-post-thumbnail","hentry"],"acf":[],"yoast_head":"<!-- This site is optimized with the Yoast SEO plugin v28.4 - https:\/\/yoast.com\/product\/yoast-seo-wordpress\/ -->\n<title>Droit - Schweizerische Treuhandgesellschaft (Basel) AG<\/title>\n<meta name=\"description\" content=\"Droit \u2013 Conseils juridiques aux entreprises, les particuliers et sur le droit des successions\" \/>\n<meta name=\"robots\" content=\"index, follow, max-snippet:-1, max-image-preview:large, max-video-preview:-1\" \/>\n<link rel=\"canonical\" href=\"https:\/\/www.stg-basel.ch\/fr\/droit\/\" \/>\n<meta property=\"og:locale\" content=\"fr_FR\" \/>\n<meta property=\"og:type\" content=\"article\" \/>\n<meta property=\"og:title\" content=\"Droit - Schweizerische Treuhandgesellschaft (Basel) AG\" \/>\n<meta property=\"og:description\" content=\"Droit \u2013 Conseils juridiques aux entreprises, les particuliers et sur le droit des successions\" \/>\n<meta property=\"og:url\" content=\"https:\/\/www.stg-basel.ch\/fr\/droit\/\" \/>\n<meta property=\"og:site_name\" content=\"Schweizerische Treuhandgesellschaft (Basel) AG\" \/>\n<meta property=\"article:modified_time\" content=\"2024-07-19T12:18:50+00:00\" \/>\n<meta property=\"og:image\" content=\"https:\/\/www.stg-basel.ch\/wp-content\/uploads\/2024\/03\/Schweizerische-Treuhandgesellschaft-Revision-Recht.jpg\" \/>\n\t<meta property=\"og:image:width\" content=\"1024\" \/>\n\t<meta property=\"og:image:height\" content=\"683\" \/>\n\t<meta property=\"og:image:type\" content=\"image\/jpeg\" \/>\n<meta name=\"twitter:card\" content=\"summary_large_image\" \/>\n<meta name=\"twitter:label1\" content=\"Dur\u00e9e de lecture estim\u00e9e\" \/>\n\t<meta name=\"twitter:data1\" content=\"3 minutes\" \/>\n<script type=\"application\/ld+json\" class=\"yoast-schema-graph\">{\"@context\":\"https:\\\/\\\/schema.org\",\"@graph\":[{\"@type\":\"WebPage\",\"@id\":\"https:\\\/\\\/www.stg-basel.ch\\\/fr\\\/droit\\\/\",\"url\":\"https:\\\/\\\/www.stg-basel.ch\\\/fr\\\/droit\\\/\",\"name\":\"Droit - Schweizerische Treuhandgesellschaft (Basel) AG\",\"isPartOf\":{\"@id\":\"https:\\\/\\\/www.stg-basel.ch\\\/#website\"},\"primaryImageOfPage\":{\"@id\":\"https:\\\/\\\/www.stg-basel.ch\\\/fr\\\/droit\\\/#primaryimage\"},\"image\":{\"@id\":\"https:\\\/\\\/www.stg-basel.ch\\\/fr\\\/droit\\\/#primaryimage\"},\"thumbnailUrl\":\"https:\\\/\\\/www.stg-basel.ch\\\/wp-content\\\/uploads\\\/2024\\\/03\\\/Schweizerische-Treuhandgesellschaft-Revision-Recht.jpg\",\"datePublished\":\"2024-03-13T16:40:14+00:00\",\"dateModified\":\"2024-07-19T12:18:50+00:00\",\"description\":\"Droit \u2013 Conseils juridiques aux entreprises, les particuliers et sur le droit des successions\",\"breadcrumb\":{\"@id\":\"https:\\\/\\\/www.stg-basel.ch\\\/fr\\\/droit\\\/#breadcrumb\"},\"inLanguage\":\"fr-FR\",\"potentialAction\":[{\"@type\":\"ReadAction\",\"target\":[\"https:\\\/\\\/www.stg-basel.ch\\\/fr\\\/droit\\\/\"]}]},{\"@type\":\"ImageObject\",\"inLanguage\":\"fr-FR\",\"@id\":\"https:\\\/\\\/www.stg-basel.ch\\\/fr\\\/droit\\\/#primaryimage\",\"url\":\"https:\\\/\\\/www.stg-basel.ch\\\/wp-content\\\/uploads\\\/2024\\\/03\\\/Schweizerische-Treuhandgesellschaft-Revision-Recht.jpg\",\"contentUrl\":\"https:\\\/\\\/www.stg-basel.ch\\\/wp-content\\\/uploads\\\/2024\\\/03\\\/Schweizerische-Treuhandgesellschaft-Revision-Recht.jpg\",\"width\":1024,\"height\":683},{\"@type\":\"BreadcrumbList\",\"@id\":\"https:\\\/\\\/www.stg-basel.ch\\\/fr\\\/droit\\\/#breadcrumb\",\"itemListElement\":[{\"@type\":\"ListItem\",\"position\":1,\"name\":\"Startseite\",\"item\":\"https:\\\/\\\/www.stg-basel.ch\\\/fr\\\/\"},{\"@type\":\"ListItem\",\"position\":2,\"name\":\"Droit\"}]},{\"@type\":\"WebSite\",\"@id\":\"https:\\\/\\\/www.stg-basel.ch\\\/#website\",\"url\":\"https:\\\/\\\/www.stg-basel.ch\\\/\",\"name\":\"Schweizerische Treuhandgesellschaft (Basel) AG\",\"description\":\"\",\"publisher\":{\"@id\":\"https:\\\/\\\/www.stg-basel.ch\\\/#organization\"},\"potentialAction\":[{\"@type\":\"SearchAction\",\"target\":{\"@type\":\"EntryPoint\",\"urlTemplate\":\"https:\\\/\\\/www.stg-basel.ch\\\/?s={search_term_string}\"},\"query-input\":{\"@type\":\"PropertyValueSpecification\",\"valueRequired\":true,\"valueName\":\"search_term_string\"}}],\"inLanguage\":\"fr-FR\"},{\"@type\":\"Organization\",\"@id\":\"https:\\\/\\\/www.stg-basel.ch\\\/#organization\",\"name\":\"Schweizerische Treuhandgesellschaft (Basel) AG\",\"url\":\"https:\\\/\\\/www.stg-basel.ch\\\/\",\"logo\":{\"@type\":\"ImageObject\",\"inLanguage\":\"fr-FR\",\"@id\":\"https:\\\/\\\/www.stg-basel.ch\\\/#\\\/schema\\\/logo\\\/image\\\/\",\"url\":\"https:\\\/\\\/www.stg-basel.ch\\\/wp-content\\\/uploads\\\/2024\\\/03\\\/Logo-STG-Basel.svg\",\"contentUrl\":\"https:\\\/\\\/www.stg-basel.ch\\\/wp-content\\\/uploads\\\/2024\\\/03\\\/Logo-STG-Basel.svg\",\"width\":443,\"height\":85,\"caption\":\"Schweizerische Treuhandgesellschaft (Basel) AG\"},\"image\":{\"@id\":\"https:\\\/\\\/www.stg-basel.ch\\\/#\\\/schema\\\/logo\\\/image\\\/\"}}]}<\/script>\n<!-- \/ Yoast SEO plugin. -->","yoast_head_json":{"title":"Droit - Schweizerische Treuhandgesellschaft (Basel) AG","description":"Droit \u2013 Conseils juridiques aux entreprises, les particuliers et sur le droit des successions","robots":{"index":"index","follow":"follow","max-snippet":"max-snippet:-1","max-image-preview":"max-image-preview:large","max-video-preview":"max-video-preview:-1"},"canonical":"https:\/\/www.stg-basel.ch\/fr\/droit\/","og_locale":"fr_FR","og_type":"article","og_title":"Droit - Schweizerische Treuhandgesellschaft (Basel) AG","og_description":"Droit \u2013 Conseils juridiques aux entreprises, les particuliers et sur le droit des successions","og_url":"https:\/\/www.stg-basel.ch\/fr\/droit\/","og_site_name":"Schweizerische Treuhandgesellschaft (Basel) AG","article_modified_time":"2024-07-19T12:18:50+00:00","og_image":[{"width":1024,"height":683,"url":"https:\/\/www.stg-basel.ch\/wp-content\/uploads\/2024\/03\/Schweizerische-Treuhandgesellschaft-Revision-Recht.jpg","type":"image\/jpeg"}],"twitter_card":"summary_large_image","twitter_misc":{"Dur\u00e9e de lecture estim\u00e9e":"3 minutes"},"schema":{"@context":"https:\/\/schema.org","@graph":[{"@type":"WebPage","@id":"https:\/\/www.stg-basel.ch\/fr\/droit\/","url":"https:\/\/www.stg-basel.ch\/fr\/droit\/","name":"Droit - Schweizerische Treuhandgesellschaft (Basel) AG","isPartOf":{"@id":"https:\/\/www.stg-basel.ch\/#website"},"primaryImageOfPage":{"@id":"https:\/\/www.stg-basel.ch\/fr\/droit\/#primaryimage"},"image":{"@id":"https:\/\/www.stg-basel.ch\/fr\/droit\/#primaryimage"},"thumbnailUrl":"https:\/\/www.stg-basel.ch\/wp-content\/uploads\/2024\/03\/Schweizerische-Treuhandgesellschaft-Revision-Recht.jpg","datePublished":"2024-03-13T16:40:14+00:00","dateModified":"2024-07-19T12:18:50+00:00","description":"Droit \u2013 Conseils juridiques aux entreprises, les particuliers et sur le droit des successions","breadcrumb":{"@id":"https:\/\/www.stg-basel.ch\/fr\/droit\/#breadcrumb"},"inLanguage":"fr-FR","potentialAction":[{"@type":"ReadAction","target":["https:\/\/www.stg-basel.ch\/fr\/droit\/"]}]},{"@type":"ImageObject","inLanguage":"fr-FR","@id":"https:\/\/www.stg-basel.ch\/fr\/droit\/#primaryimage","url":"https:\/\/www.stg-basel.ch\/wp-content\/uploads\/2024\/03\/Schweizerische-Treuhandgesellschaft-Revision-Recht.jpg","contentUrl":"https:\/\/www.stg-basel.ch\/wp-content\/uploads\/2024\/03\/Schweizerische-Treuhandgesellschaft-Revision-Recht.jpg","width":1024,"height":683},{"@type":"BreadcrumbList","@id":"https:\/\/www.stg-basel.ch\/fr\/droit\/#breadcrumb","itemListElement":[{"@type":"ListItem","position":1,"name":"Startseite","item":"https:\/\/www.stg-basel.ch\/fr\/"},{"@type":"ListItem","position":2,"name":"Droit"}]},{"@type":"WebSite","@id":"https:\/\/www.stg-basel.ch\/#website","url":"https:\/\/www.stg-basel.ch\/","name":"Schweizerische Treuhandgesellschaft (Basel) AG","description":"","publisher":{"@id":"https:\/\/www.stg-basel.ch\/#organization"},"potentialAction":[{"@type":"SearchAction","target":{"@type":"EntryPoint","urlTemplate":"https:\/\/www.stg-basel.ch\/?s={search_term_string}"},"query-input":{"@type":"PropertyValueSpecification","valueRequired":true,"valueName":"search_term_string"}}],"inLanguage":"fr-FR"},{"@type":"Organization","@id":"https:\/\/www.stg-basel.ch\/#organization","name":"Schweizerische Treuhandgesellschaft (Basel) AG","url":"https:\/\/www.stg-basel.ch\/","logo":{"@type":"ImageObject","inLanguage":"fr-FR","@id":"https:\/\/www.stg-basel.ch\/#\/schema\/logo\/image\/","url":"https:\/\/www.stg-basel.ch\/wp-content\/uploads\/2024\/03\/Logo-STG-Basel.svg","contentUrl":"https:\/\/www.stg-basel.ch\/wp-content\/uploads\/2024\/03\/Logo-STG-Basel.svg","width":443,"height":85,"caption":"Schweizerische Treuhandgesellschaft (Basel) AG"},"image":{"@id":"https:\/\/www.stg-basel.ch\/#\/schema\/logo\/image\/"}}]}},"_links":{"self":[{"href":"https:\/\/www.stg-basel.ch\/fr\/wp-json\/wp\/v2\/pages\/903","targetHints":{"allow":["GET"]}}],"collection":[{"href":"https:\/\/www.stg-basel.ch\/fr\/wp-json\/wp\/v2\/pages"}],"about":[{"href":"https:\/\/www.stg-basel.ch\/fr\/wp-json\/wp\/v2\/types\/page"}],"author":[{"embeddable":true,"href":"https:\/\/www.stg-basel.ch\/fr\/wp-json\/wp\/v2\/users\/1"}],"replies":[{"embeddable":true,"href":"https:\/\/www.stg-basel.ch\/fr\/wp-json\/wp\/v2\/comments?post=903"}],"version-history":[{"count":5,"href":"https:\/\/www.stg-basel.ch\/fr\/wp-json\/wp\/v2\/pages\/903\/revisions"}],"predecessor-version":[{"id":1372,"href":"https:\/\/www.stg-basel.ch\/fr\/wp-json\/wp\/v2\/pages\/903\/revisions\/1372"}],"wp:featuredmedia":[{"embeddable":true,"href":"https:\/\/www.stg-basel.ch\/fr\/wp-json\/wp\/v2\/media\/744"}],"wp:attachment":[{"href":"https:\/\/www.stg-basel.ch\/fr\/wp-json\/wp\/v2\/media?parent=903"}],"curies":[{"name":"wp","href":"https:\/\/api.w.org\/{rel}","templated":true}]}}