{"id":955,"date":"2024-03-14T07:12:46","date_gmt":"2024-03-14T07:12:46","guid":{"rendered":"https:\/\/www.stg-basel.ch\/ueber-uns\/"},"modified":"2024-07-19T12:48:16","modified_gmt":"2024-07-19T12:48:16","slug":"equipe","status":"publish","type":"page","link":"https:\/\/www.stg-basel.ch\/fr\/equipe\/","title":{"rendered":"\u00c9quipe"},"content":{"rendered":"\t\t<div data-elementor-type=\"wp-page\" data-elementor-id=\"955\" class=\"elementor elementor-955 elementor-487\" data-elementor-post-type=\"page\">\n\t\t\t\t<div class=\"elementor-element elementor-element-55e59e0 singleintroimage-section e-flex e-con-boxed e-con e-parent\" data-id=\"55e59e0\" data-element_type=\"container\" data-e-type=\"container\" data-settings=\"{&quot;background_background&quot;:&quot;classic&quot;}\">\n\t\t\t\t\t<div class=\"e-con-inner\">\n\t\t\t\t<div class=\"elementor-element elementor-element-bf2be92 elementor-widget__width-initial elementor-widget-tablet__width-initial elementor-widget-mobile__width-inherit elementor-widget elementor-widget-text-editor\" data-id=\"bf2be92\" data-element_type=\"widget\" data-e-type=\"widget\" data-widget_type=\"text-editor.default\">\n\t\t\t\t<div class=\"elementor-widget-container\">\n\t\t\t\t\t\t\t\t\t<h1>Une \u00e9quipe pour<br \/>tous les cas<\/h1>\t\t\t\t\t\t\t\t<\/div>\n\t\t\t\t<\/div>\n\t\t\t\t\t<\/div>\n\t\t\t\t<\/div>\n\t\t<div class=\"elementor-element elementor-element-eed86ac introimagebutton-container e-flex e-con-boxed e-con e-parent\" data-id=\"eed86ac\" data-element_type=\"container\" data-e-type=\"container\">\n\t\t\t\t\t<div class=\"e-con-inner\">\n\t\t\t\t<div class=\"elementor-element elementor-element-d7fcea2 sliderbutton elementor-widget elementor-widget-button\" data-id=\"d7fcea2\" data-element_type=\"widget\" data-e-type=\"widget\" data-widget_type=\"button.default\">\n\t\t\t\t<div class=\"elementor-widget-container\">\n\t\t\t\t\t\t\t\t\t<div class=\"elementor-button-wrapper\">\n\t\t\t\t\t<a class=\"elementor-button elementor-button-link elementor-size-sm\" href=\"https:\/\/www.stg-basel.ch\/fr\/contact\/\">\n\t\t\t\t\t\t<span class=\"elementor-button-content-wrapper\">\n\t\t\t\t\t\t\t\t\t<span class=\"elementor-button-text\">Contact<\/span>\n\t\t\t\t\t<\/span>\n\t\t\t\t\t<\/a>\n\t\t\t\t<\/div>\n\t\t\t\t\t\t\t\t<\/div>\n\t\t\t\t<\/div>\n\t\t\t\t\t<\/div>\n\t\t\t\t<\/div>\n\t\t<section class=\"elementor-element elementor-element-87510f1 e-flex e-con-boxed e-con e-parent\" data-id=\"87510f1\" data-element_type=\"container\" data-e-type=\"container\">\n\t\t\t\t\t<div class=\"e-con-inner\">\n\t\t<div class=\"elementor-element elementor-element-31ac609 e-con-full e-flex elementor-invisible e-con e-child\" data-id=\"31ac609\" data-element_type=\"container\" data-e-type=\"container\" data-settings=\"{&quot;animation&quot;:&quot;fadeInUp&quot;}\">\n\t\t\t\t<div class=\"elementor-element elementor-element-7d6c60b elementor-widget elementor-widget-text-editor\" data-id=\"7d6c60b\" data-element_type=\"widget\" data-e-type=\"widget\" data-widget_type=\"text-editor.default\">\n\t\t\t\t<div class=\"elementor-widget-container\">\n\t\t\t\t\t\t\t\t\t<h1>Notre \u00e9quipe<\/h1><p>Nous sommes toujours l\u00e0 pour vous et sommes heureux de vous soutenir partout o\u00f9 nous le pouvons.<\/p>\t\t\t\t\t\t\t\t<\/div>\n\t\t\t\t<\/div>\n\t\t\t\t<\/div>\n\t\t\t\t\t<\/div>\n\t\t\t\t<\/section>\n\t\t<section class=\"elementor-element elementor-element-860b665 e-flex e-con-boxed e-con e-parent\" data-id=\"860b665\" data-element_type=\"container\" data-e-type=\"container\">\n\t\t\t\t\t<div class=\"e-con-inner\">\n\t\t<div class=\"elementor-element elementor-element-3b072b0 e-con-full e-flex elementor-invisible e-con e-child\" data-id=\"3b072b0\" data-element_type=\"container\" data-e-type=\"container\" data-settings=\"{&quot;animation&quot;:&quot;fadeInUp&quot;}\">\n\t\t\t\t<div class=\"elementor-element elementor-element-538691d elementor-widget elementor-widget-text-editor\" data-id=\"538691d\" data-element_type=\"widget\" data-e-type=\"widget\" data-widget_type=\"text-editor.default\">\n\t\t\t\t<div class=\"elementor-widget-container\">\n\t\t\t\t\t\t\t\t\t<h3>Associ\u00e9s<\/h3>\t\t\t\t\t\t\t\t<\/div>\n\t\t\t\t<\/div>\n\t\t\t\t<div class=\"elementor-element elementor-element-1cd85e1 elementor-grid-2 elementor-grid-tablet-2 elementor-grid-mobile-1 elementor-widget elementor-widget-loop-grid\" data-id=\"1cd85e1\" data-element_type=\"widget\" data-e-type=\"widget\" data-settings=\"{&quot;template_id&quot;:498,&quot;columns&quot;:2,&quot;row_gap&quot;:{&quot;unit&quot;:&quot;px&quot;,&quot;size&quot;:60,&quot;sizes&quot;:[]},&quot;_skin&quot;:&quot;post&quot;,&quot;columns_tablet&quot;:&quot;2&quot;,&quot;columns_mobile&quot;:&quot;1&quot;,&quot;edit_handle_selector&quot;:&quot;[data-elementor-type=\\&quot;loop-item\\&quot;]&quot;,&quot;row_gap_tablet&quot;:{&quot;unit&quot;:&quot;px&quot;,&quot;size&quot;:&quot;&quot;,&quot;sizes&quot;:[]},&quot;row_gap_mobile&quot;:{&quot;unit&quot;:&quot;px&quot;,&quot;size&quot;:&quot;&quot;,&quot;sizes&quot;:[]}}\" data-widget_type=\"loop-grid.post\">\n\t\t\t\t<div class=\"elementor-widget-container\">\n\t\t\t\t\t\t\t<div class=\"elementor-loop-container elementor-grid\" role=\"list\">\n\t\t<style id=\"loop-498\">.elementor-498 .elementor-element.elementor-element-f1de5c6{--display:flex;--padding-top:0px;--padding-bottom:0px;--padding-left:0px;--padding-right:0px;}<\/style>\t\t<div data-elementor-type=\"loop-item\" data-elementor-id=\"498\" class=\"elementor elementor-498 e-loop-item e-loop-item-1343 post-1343 team type-team status-publish has-post-thumbnail hentry team-bereich-partner\" data-elementor-post-type=\"elementor_library\" data-custom-edit-handle=\"1\">\n\t\t\t<div class=\"elementor-element elementor-element-f1de5c6 e-flex e-con-boxed elementor-invisible e-con e-parent\" data-id=\"f1de5c6\" data-element_type=\"container\" data-e-type=\"container\" data-settings=\"{&quot;animation&quot;:&quot;fadeInUp&quot;}\">\n\t\t\t\t\t<div class=\"e-con-inner\">\n\t\t\t\t<div class=\"elementor-element elementor-element-a6724ec elementor-widget elementor-widget-theme-post-featured-image elementor-widget-image\" data-id=\"a6724ec\" data-element_type=\"widget\" data-e-type=\"widget\" data-widget_type=\"theme-post-featured-image.default\">\n\t\t\t\t<div class=\"elementor-widget-container\">\n\t\t\t\t\t\t\t\t\t\t\t\t\t\t\t<img fetchpriority=\"high\" decoding=\"async\" width=\"800\" height=\"534\" src=\"https:\/\/www.stg-basel.ch\/wp-content\/uploads\/2024\/03\/STG-Basel-Stephane-Berbier-1024x683.jpg\" class=\"attachment-large size-large wp-image-734\" alt=\"\" srcset=\"https:\/\/www.stg-basel.ch\/wp-content\/uploads\/2024\/03\/STG-Basel-Stephane-Berbier-1024x683.jpg 1024w, https:\/\/www.stg-basel.ch\/wp-content\/uploads\/2024\/03\/STG-Basel-Stephane-Berbier-300x200.jpg 300w, https:\/\/www.stg-basel.ch\/wp-content\/uploads\/2024\/03\/STG-Basel-Stephane-Berbier-768x512.jpg 768w, https:\/\/www.stg-basel.ch\/wp-content\/uploads\/2024\/03\/STG-Basel-Stephane-Berbier-1536x1024.jpg 1536w, https:\/\/www.stg-basel.ch\/wp-content\/uploads\/2024\/03\/STG-Basel-Stephane-Berbier.jpg 2048w\" sizes=\"(max-width: 800px) 100vw, 800px\" \/>\t\t\t\t\t\t\t\t\t\t\t\t\t\t\t<\/div>\n\t\t\t\t<\/div>\n\t\t\t\t<div class=\"elementor-element elementor-element-0d3cfd9 elementor-widget elementor-widget-theme-post-title elementor-page-title elementor-widget-heading\" data-id=\"0d3cfd9\" data-element_type=\"widget\" data-e-type=\"widget\" data-widget_type=\"theme-post-title.default\">\n\t\t\t\t<div class=\"elementor-widget-container\">\n\t\t\t\t\t<h4 class=\"elementor-heading-title elementor-size-default\">Berbier St\u00e9phane<\/h4>\t\t\t\t<\/div>\n\t\t\t\t<\/div>\n\t\t\t\t<div class=\"elementor-element elementor-element-b5bb456 elementor-widget elementor-widget-text-editor\" data-id=\"b5bb456\" data-element_type=\"widget\" data-e-type=\"widget\" data-widget_type=\"text-editor.default\">\n\t\t\t\t<div class=\"elementor-widget-container\">\n\t\t\t\t\t\t\t\t\t<p>Associ\u00e9, Family Office<br \/>\nMembre de la Direction<\/p>\n<p>T\u00e9l.: <a href=\"tel:+41612770116\">+41 61 277 01 16<\/a><br \/>\nMail:\u00a0<a href=\"mailto:stephane.berbier@stg-basel.ch\">stephane.berbier@stg-basel.ch<\/a><\/p>\n\t\t\t\t\t\t\t\t<\/div>\n\t\t\t\t<\/div>\n\t\t\t\t\t<\/div>\n\t\t\t\t<\/div>\n\t\t\t\t<\/div>\n\t\t\t\t<div data-elementor-type=\"loop-item\" data-elementor-id=\"498\" class=\"elementor elementor-498 e-loop-item e-loop-item-1341 post-1341 team type-team status-publish has-post-thumbnail hentry team-bereich-partner\" data-elementor-post-type=\"elementor_library\" data-custom-edit-handle=\"1\">\n\t\t\t<div class=\"elementor-element elementor-element-f1de5c6 e-flex e-con-boxed elementor-invisible e-con e-parent\" data-id=\"f1de5c6\" data-element_type=\"container\" data-e-type=\"container\" data-settings=\"{&quot;animation&quot;:&quot;fadeInUp&quot;}\">\n\t\t\t\t\t<div class=\"e-con-inner\">\n\t\t\t\t<div class=\"elementor-element elementor-element-a6724ec elementor-widget elementor-widget-theme-post-featured-image elementor-widget-image\" data-id=\"a6724ec\" data-element_type=\"widget\" data-e-type=\"widget\" data-widget_type=\"theme-post-featured-image.default\">\n\t\t\t\t<div class=\"elementor-widget-container\">\n\t\t\t\t\t\t\t\t\t\t\t\t\t\t\t<img decoding=\"async\" width=\"800\" height=\"534\" src=\"https:\/\/www.stg-basel.ch\/wp-content\/uploads\/2024\/03\/STG-Basel-Gines-Garcia-1024x683.jpg\" class=\"attachment-large size-large wp-image-712\" alt=\"\" srcset=\"https:\/\/www.stg-basel.ch\/wp-content\/uploads\/2024\/03\/STG-Basel-Gines-Garcia-1024x683.jpg 1024w, https:\/\/www.stg-basel.ch\/wp-content\/uploads\/2024\/03\/STG-Basel-Gines-Garcia-300x200.jpg 300w, https:\/\/www.stg-basel.ch\/wp-content\/uploads\/2024\/03\/STG-Basel-Gines-Garcia-768x512.jpg 768w, https:\/\/www.stg-basel.ch\/wp-content\/uploads\/2024\/03\/STG-Basel-Gines-Garcia-1536x1024.jpg 1536w, https:\/\/www.stg-basel.ch\/wp-content\/uploads\/2024\/03\/STG-Basel-Gines-Garcia.jpg 2048w\" sizes=\"(max-width: 800px) 100vw, 800px\" \/>\t\t\t\t\t\t\t\t\t\t\t\t\t\t\t<\/div>\n\t\t\t\t<\/div>\n\t\t\t\t<div class=\"elementor-element elementor-element-0d3cfd9 elementor-widget elementor-widget-theme-post-title elementor-page-title elementor-widget-heading\" data-id=\"0d3cfd9\" data-element_type=\"widget\" data-e-type=\"widget\" data-widget_type=\"theme-post-title.default\">\n\t\t\t\t<div class=\"elementor-widget-container\">\n\t\t\t\t\t<h4 class=\"elementor-heading-title elementor-size-default\">Garc\u00eda Gin\u00e9s F.<\/h4>\t\t\t\t<\/div>\n\t\t\t\t<\/div>\n\t\t\t\t<div class=\"elementor-element elementor-element-b5bb456 elementor-widget elementor-widget-text-editor\" data-id=\"b5bb456\" data-element_type=\"widget\" data-e-type=\"widget\" data-widget_type=\"text-editor.default\">\n\t\t\t\t<div class=\"elementor-widget-container\">\n\t\t\t\t\t\t\t\t\t<p>Avocat<br \/>\nAssoci\u00e9, Responsable du service juridique et conseil aux entreprises<br \/>\nMembre de la Direction<\/p>\n<p>T\u00e9l.: <a href=\"tel:+41612770115\">+41 61 277 01 15<\/a><br \/>\nMail:\u00a0<a href=\"mailto:gines.garcia@stg-basel.ch\">gines.garcia@stg-basel.ch<\/a><\/p>\n\t\t\t\t\t\t\t\t<\/div>\n\t\t\t\t<\/div>\n\t\t\t\t\t<\/div>\n\t\t\t\t<\/div>\n\t\t\t\t<\/div>\n\t\t\t\t<div data-elementor-type=\"loop-item\" data-elementor-id=\"498\" class=\"elementor elementor-498 e-loop-item e-loop-item-1342 post-1342 team type-team status-publish has-post-thumbnail hentry team-bereich-partner\" data-elementor-post-type=\"elementor_library\" data-custom-edit-handle=\"1\">\n\t\t\t<div class=\"elementor-element elementor-element-f1de5c6 e-flex e-con-boxed elementor-invisible e-con e-parent\" data-id=\"f1de5c6\" data-element_type=\"container\" data-e-type=\"container\" data-settings=\"{&quot;animation&quot;:&quot;fadeInUp&quot;}\">\n\t\t\t\t\t<div class=\"e-con-inner\">\n\t\t\t\t<div class=\"elementor-element elementor-element-a6724ec elementor-widget elementor-widget-theme-post-featured-image elementor-widget-image\" data-id=\"a6724ec\" data-element_type=\"widget\" data-e-type=\"widget\" data-widget_type=\"theme-post-featured-image.default\">\n\t\t\t\t<div class=\"elementor-widget-container\">\n\t\t\t\t\t\t\t\t\t\t\t\t\t\t\t<img decoding=\"async\" width=\"800\" height=\"534\" src=\"https:\/\/www.stg-basel.ch\/wp-content\/uploads\/2024\/03\/STG-Basel-Luc-Givord-1024x683.jpg\" class=\"attachment-large size-large wp-image-716\" alt=\"\" srcset=\"https:\/\/www.stg-basel.ch\/wp-content\/uploads\/2024\/03\/STG-Basel-Luc-Givord-1024x683.jpg 1024w, https:\/\/www.stg-basel.ch\/wp-content\/uploads\/2024\/03\/STG-Basel-Luc-Givord-300x200.jpg 300w, https:\/\/www.stg-basel.ch\/wp-content\/uploads\/2024\/03\/STG-Basel-Luc-Givord-768x512.jpg 768w, https:\/\/www.stg-basel.ch\/wp-content\/uploads\/2024\/03\/STG-Basel-Luc-Givord-1536x1024.jpg 1536w, https:\/\/www.stg-basel.ch\/wp-content\/uploads\/2024\/03\/STG-Basel-Luc-Givord.jpg 2048w\" sizes=\"(max-width: 800px) 100vw, 800px\" \/>\t\t\t\t\t\t\t\t\t\t\t\t\t\t\t<\/div>\n\t\t\t\t<\/div>\n\t\t\t\t<div class=\"elementor-element elementor-element-0d3cfd9 elementor-widget elementor-widget-theme-post-title elementor-page-title elementor-widget-heading\" data-id=\"0d3cfd9\" data-element_type=\"widget\" data-e-type=\"widget\" data-widget_type=\"theme-post-title.default\">\n\t\t\t\t<div class=\"elementor-widget-container\">\n\t\t\t\t\t<h4 class=\"elementor-heading-title elementor-size-default\">Givord Luc<\/h4>\t\t\t\t<\/div>\n\t\t\t\t<\/div>\n\t\t\t\t<div class=\"elementor-element elementor-element-b5bb456 elementor-widget elementor-widget-text-editor\" data-id=\"b5bb456\" data-element_type=\"widget\" data-e-type=\"widget\" data-widget_type=\"text-editor.default\">\n\t\t\t\t<div class=\"elementor-widget-container\">\n\t\t\t\t\t\t\t\t\t<p>Associ\u00e9, Family Office<br \/>\nMembre de la Direction<\/p>\n<p>T\u00e9l.: <a href=\"tel:+41612770121\">+41 61 277 01 21<\/a><br \/>\nMail:\u00a0<a href=\"mailto:luc.givord@stg-basel.ch\">luc.givord@stg-basel.ch<\/a><\/p>\n\t\t\t\t\t\t\t\t<\/div>\n\t\t\t\t<\/div>\n\t\t\t\t\t<\/div>\n\t\t\t\t<\/div>\n\t\t\t\t<\/div>\n\t\t\t\t<div data-elementor-type=\"loop-item\" data-elementor-id=\"498\" class=\"elementor elementor-498 e-loop-item e-loop-item-1345 post-1345 team type-team status-publish has-post-thumbnail hentry team-bereich-partner\" data-elementor-post-type=\"elementor_library\" data-custom-edit-handle=\"1\">\n\t\t\t<div class=\"elementor-element elementor-element-f1de5c6 e-flex e-con-boxed elementor-invisible e-con e-parent\" data-id=\"f1de5c6\" data-element_type=\"container\" data-e-type=\"container\" data-settings=\"{&quot;animation&quot;:&quot;fadeInUp&quot;}\">\n\t\t\t\t\t<div class=\"e-con-inner\">\n\t\t\t\t<div class=\"elementor-element elementor-element-a6724ec elementor-widget elementor-widget-theme-post-featured-image elementor-widget-image\" data-id=\"a6724ec\" data-element_type=\"widget\" data-e-type=\"widget\" data-widget_type=\"theme-post-featured-image.default\">\n\t\t\t\t<div class=\"elementor-widget-container\">\n\t\t\t\t\t\t\t\t\t\t\t\t\t\t\t<img loading=\"lazy\" decoding=\"async\" width=\"800\" height=\"534\" src=\"https:\/\/www.stg-basel.ch\/wp-content\/uploads\/2024\/03\/STG-Basel-Gabriela-Kyburz-1024x683.jpg\" class=\"attachment-large size-large wp-image-708\" alt=\"\" srcset=\"https:\/\/www.stg-basel.ch\/wp-content\/uploads\/2024\/03\/STG-Basel-Gabriela-Kyburz-1024x683.jpg 1024w, https:\/\/www.stg-basel.ch\/wp-content\/uploads\/2024\/03\/STG-Basel-Gabriela-Kyburz-300x200.jpg 300w, https:\/\/www.stg-basel.ch\/wp-content\/uploads\/2024\/03\/STG-Basel-Gabriela-Kyburz-768x512.jpg 768w, https:\/\/www.stg-basel.ch\/wp-content\/uploads\/2024\/03\/STG-Basel-Gabriela-Kyburz-1536x1024.jpg 1536w, https:\/\/www.stg-basel.ch\/wp-content\/uploads\/2024\/03\/STG-Basel-Gabriela-Kyburz.jpg 2048w\" sizes=\"(max-width: 800px) 100vw, 800px\" \/>\t\t\t\t\t\t\t\t\t\t\t\t\t\t\t<\/div>\n\t\t\t\t<\/div>\n\t\t\t\t<div class=\"elementor-element elementor-element-0d3cfd9 elementor-widget elementor-widget-theme-post-title elementor-page-title elementor-widget-heading\" data-id=\"0d3cfd9\" data-element_type=\"widget\" data-e-type=\"widget\" data-widget_type=\"theme-post-title.default\">\n\t\t\t\t<div class=\"elementor-widget-container\">\n\t\t\t\t\t<h4 class=\"elementor-heading-title elementor-size-default\">Kyburz Gabriela<\/h4>\t\t\t\t<\/div>\n\t\t\t\t<\/div>\n\t\t\t\t<div class=\"elementor-element elementor-element-b5bb456 elementor-widget elementor-widget-text-editor\" data-id=\"b5bb456\" data-element_type=\"widget\" data-e-type=\"widget\" data-widget_type=\"text-editor.default\">\n\t\t\t\t<div class=\"elementor-widget-container\">\n\t\t\t\t\t\t\t\t\t<p>Dipl. Experte fiduciaire<br \/>\nAssoci\u00e9e, Family Office<br \/>\nMembre de la Direction<\/p>\n<p>T\u00e9l.: <a href=\"tel:+41612770122\">+41 61 277 01 22<\/a><br \/>\nMail:\u00a0<a href=\"mailto:gabriela.kyburz@stg-basel.ch\">gabriela.kyburz@stg-basel.ch<\/a><\/p>\n\t\t\t\t\t\t\t\t<\/div>\n\t\t\t\t<\/div>\n\t\t\t\t\t<\/div>\n\t\t\t\t<\/div>\n\t\t\t\t<\/div>\n\t\t\t\t<\/div>\n\t\t\n\t\t\t\t\t\t<\/div>\n\t\t\t\t<\/div>\n\t\t\t\t<\/div>\n\t\t\t\t\t<\/div>\n\t\t\t\t<\/section>\n\t\t<section class=\"elementor-element elementor-element-29ef1a2 e-flex e-con-boxed e-con e-parent\" data-id=\"29ef1a2\" data-element_type=\"container\" data-e-type=\"container\">\n\t\t\t\t\t<div class=\"e-con-inner\">\n\t\t<div class=\"elementor-element elementor-element-28df0f5 e-con-full e-flex elementor-invisible e-con e-child\" data-id=\"28df0f5\" data-element_type=\"container\" data-e-type=\"container\" data-settings=\"{&quot;animation&quot;:&quot;fadeInUp&quot;}\">\n\t\t\t\t<div class=\"elementor-element elementor-element-3e74647 elementor-widget elementor-widget-text-editor\" data-id=\"3e74647\" data-element_type=\"widget\" data-e-type=\"widget\" data-widget_type=\"text-editor.default\">\n\t\t\t\t<div class=\"elementor-widget-container\">\n\t\t\t\t\t\t\t\t\t<h3>Employ\u00e9s<\/h3>\t\t\t\t\t\t\t\t<\/div>\n\t\t\t\t<\/div>\n\t\t\t\t<div class=\"elementor-element elementor-element-72a7bec elementor-grid-2 elementor-grid-tablet-2 elementor-grid-mobile-1 elementor-widget elementor-widget-loop-grid\" data-id=\"72a7bec\" data-element_type=\"widget\" data-e-type=\"widget\" data-settings=\"{&quot;template_id&quot;:498,&quot;columns&quot;:2,&quot;row_gap&quot;:{&quot;unit&quot;:&quot;px&quot;,&quot;size&quot;:60,&quot;sizes&quot;:[]},&quot;_skin&quot;:&quot;post&quot;,&quot;columns_tablet&quot;:&quot;2&quot;,&quot;columns_mobile&quot;:&quot;1&quot;,&quot;edit_handle_selector&quot;:&quot;[data-elementor-type=\\&quot;loop-item\\&quot;]&quot;,&quot;row_gap_tablet&quot;:{&quot;unit&quot;:&quot;px&quot;,&quot;size&quot;:&quot;&quot;,&quot;sizes&quot;:[]},&quot;row_gap_mobile&quot;:{&quot;unit&quot;:&quot;px&quot;,&quot;size&quot;:&quot;&quot;,&quot;sizes&quot;:[]}}\" data-widget_type=\"loop-grid.post\">\n\t\t\t\t<div class=\"elementor-widget-container\">\n\t\t\t\t\t\t\t<div class=\"elementor-loop-container elementor-grid\" role=\"list\">\n\t\t\t\t<div data-elementor-type=\"loop-item\" data-elementor-id=\"498\" class=\"elementor elementor-498 e-loop-item e-loop-item-1338 post-1338 team type-team status-publish has-post-thumbnail hentry team-bereich-mitarbeitende\" data-elementor-post-type=\"elementor_library\" data-custom-edit-handle=\"1\">\n\t\t\t<div class=\"elementor-element elementor-element-f1de5c6 e-flex e-con-boxed elementor-invisible e-con e-parent\" data-id=\"f1de5c6\" data-element_type=\"container\" data-e-type=\"container\" data-settings=\"{&quot;animation&quot;:&quot;fadeInUp&quot;}\">\n\t\t\t\t\t<div class=\"e-con-inner\">\n\t\t\t\t<div class=\"elementor-element elementor-element-a6724ec elementor-widget elementor-widget-theme-post-featured-image elementor-widget-image\" data-id=\"a6724ec\" data-element_type=\"widget\" data-e-type=\"widget\" data-widget_type=\"theme-post-featured-image.default\">\n\t\t\t\t<div class=\"elementor-widget-container\">\n\t\t\t\t\t\t\t\t\t\t\t\t\t\t\t<img loading=\"lazy\" decoding=\"async\" width=\"800\" height=\"534\" src=\"https:\/\/www.stg-basel.ch\/wp-content\/uploads\/2024\/03\/STG-Basel-Rolf-Andrist-1024x683.jpg\" class=\"attachment-large size-large wp-image-728\" alt=\"\" srcset=\"https:\/\/www.stg-basel.ch\/wp-content\/uploads\/2024\/03\/STG-Basel-Rolf-Andrist-1024x683.jpg 1024w, https:\/\/www.stg-basel.ch\/wp-content\/uploads\/2024\/03\/STG-Basel-Rolf-Andrist-300x200.jpg 300w, https:\/\/www.stg-basel.ch\/wp-content\/uploads\/2024\/03\/STG-Basel-Rolf-Andrist-768x512.jpg 768w, https:\/\/www.stg-basel.ch\/wp-content\/uploads\/2024\/03\/STG-Basel-Rolf-Andrist-1536x1024.jpg 1536w, https:\/\/www.stg-basel.ch\/wp-content\/uploads\/2024\/03\/STG-Basel-Rolf-Andrist.jpg 2048w\" sizes=\"(max-width: 800px) 100vw, 800px\" \/>\t\t\t\t\t\t\t\t\t\t\t\t\t\t\t<\/div>\n\t\t\t\t<\/div>\n\t\t\t\t<div class=\"elementor-element elementor-element-0d3cfd9 elementor-widget elementor-widget-theme-post-title elementor-page-title elementor-widget-heading\" data-id=\"0d3cfd9\" data-element_type=\"widget\" data-e-type=\"widget\" data-widget_type=\"theme-post-title.default\">\n\t\t\t\t<div class=\"elementor-widget-container\">\n\t\t\t\t\t<h4 class=\"elementor-heading-title elementor-size-default\">Andrist Rolf<\/h4>\t\t\t\t<\/div>\n\t\t\t\t<\/div>\n\t\t\t\t<div class=\"elementor-element elementor-element-b5bb456 elementor-widget elementor-widget-text-editor\" data-id=\"b5bb456\" data-element_type=\"widget\" data-e-type=\"widget\" data-widget_type=\"text-editor.default\">\n\t\t\t\t<div class=\"elementor-widget-container\">\n\t\t\t\t\t\t\t\t\t<p>Directeur, Responsable imp\u00f4ts<br \/>\nMembre de la Direction<\/p>\n<p>T\u00e9l.: <a href=\"tel:+41612770134\">+41 61 277 01 34<\/a><br \/>\nMail:\u00a0<a href=\"mailto:rolf.andrist@stg-basel.ch\">rolf.andrist@stg-basel.ch<\/a><\/p>\n\t\t\t\t\t\t\t\t<\/div>\n\t\t\t\t<\/div>\n\t\t\t\t\t<\/div>\n\t\t\t\t<\/div>\n\t\t\t\t<\/div>\n\t\t\t\t<div data-elementor-type=\"loop-item\" data-elementor-id=\"498\" class=\"elementor elementor-498 e-loop-item e-loop-item-1500 post-1500 team type-team status-publish has-post-thumbnail hentry team-bereich-mitarbeitende\" data-elementor-post-type=\"elementor_library\" data-custom-edit-handle=\"1\">\n\t\t\t<div class=\"elementor-element elementor-element-f1de5c6 e-flex e-con-boxed elementor-invisible e-con e-parent\" data-id=\"f1de5c6\" data-element_type=\"container\" data-e-type=\"container\" data-settings=\"{&quot;animation&quot;:&quot;fadeInUp&quot;}\">\n\t\t\t\t\t<div class=\"e-con-inner\">\n\t\t\t\t<div class=\"elementor-element elementor-element-a6724ec elementor-widget elementor-widget-theme-post-featured-image elementor-widget-image\" data-id=\"a6724ec\" data-element_type=\"widget\" data-e-type=\"widget\" data-widget_type=\"theme-post-featured-image.default\">\n\t\t\t\t<div class=\"elementor-widget-container\">\n\t\t\t\t\t\t\t\t\t\t\t\t\t\t\t<img loading=\"lazy\" decoding=\"async\" width=\"800\" height=\"534\" src=\"https:\/\/www.stg-basel.ch\/wp-content\/uploads\/2024\/10\/2024-10-16-STG-Basel-Franco-Auciello-1024x683.jpg\" class=\"attachment-large size-large wp-image-1478\" alt=\"\" srcset=\"https:\/\/www.stg-basel.ch\/wp-content\/uploads\/2024\/10\/2024-10-16-STG-Basel-Franco-Auciello-1024x683.jpg 1024w, https:\/\/www.stg-basel.ch\/wp-content\/uploads\/2024\/10\/2024-10-16-STG-Basel-Franco-Auciello-300x200.jpg 300w, https:\/\/www.stg-basel.ch\/wp-content\/uploads\/2024\/10\/2024-10-16-STG-Basel-Franco-Auciello-768x512.jpg 768w, https:\/\/www.stg-basel.ch\/wp-content\/uploads\/2024\/10\/2024-10-16-STG-Basel-Franco-Auciello-1536x1024.jpg 1536w, https:\/\/www.stg-basel.ch\/wp-content\/uploads\/2024\/10\/2024-10-16-STG-Basel-Franco-Auciello-2048x1365.jpg 2048w\" sizes=\"(max-width: 800px) 100vw, 800px\" \/>\t\t\t\t\t\t\t\t\t\t\t\t\t\t\t<\/div>\n\t\t\t\t<\/div>\n\t\t\t\t<div class=\"elementor-element elementor-element-0d3cfd9 elementor-widget elementor-widget-theme-post-title elementor-page-title elementor-widget-heading\" data-id=\"0d3cfd9\" data-element_type=\"widget\" data-e-type=\"widget\" data-widget_type=\"theme-post-title.default\">\n\t\t\t\t<div class=\"elementor-widget-container\">\n\t\t\t\t\t<h4 class=\"elementor-heading-title elementor-size-default\">Auciello Franco<\/h4>\t\t\t\t<\/div>\n\t\t\t\t<\/div>\n\t\t\t\t<div class=\"elementor-element elementor-element-b5bb456 elementor-widget elementor-widget-text-editor\" data-id=\"b5bb456\" data-element_type=\"widget\" data-e-type=\"widget\" data-widget_type=\"text-editor.default\">\n\t\t\t\t<div class=\"elementor-widget-container\">\n\t\t\t\t\t\t\t\t\t<p>Dipl\u00f4me f\u00e9d\u00e9ral en comptabilit\u00e9<br \/>\nDipl\u00f4me Expert financier NDS, Comptabilit\u00e9<\/p>\n<p>Tel.:\u00a0<a href=\"tel:+41612770131\">+41 61 277 01 31<\/a><br \/>\nMail: <a href=\"mailto:franco.auciello@stg-basel.ch\">franco.auciello@stg-basel.ch<\/a><\/p>\n\t\t\t\t\t\t\t\t<\/div>\n\t\t\t\t<\/div>\n\t\t\t\t\t<\/div>\n\t\t\t\t<\/div>\n\t\t\t\t<\/div>\n\t\t\t\t<div data-elementor-type=\"loop-item\" data-elementor-id=\"498\" class=\"elementor elementor-498 e-loop-item e-loop-item-1334 post-1334 team type-team status-publish has-post-thumbnail hentry team-bereich-mitarbeitende\" data-elementor-post-type=\"elementor_library\" data-custom-edit-handle=\"1\">\n\t\t\t<div class=\"elementor-element elementor-element-f1de5c6 e-flex e-con-boxed elementor-invisible e-con e-parent\" data-id=\"f1de5c6\" data-element_type=\"container\" data-e-type=\"container\" data-settings=\"{&quot;animation&quot;:&quot;fadeInUp&quot;}\">\n\t\t\t\t\t<div class=\"e-con-inner\">\n\t\t\t\t<div class=\"elementor-element elementor-element-a6724ec elementor-widget elementor-widget-theme-post-featured-image elementor-widget-image\" data-id=\"a6724ec\" data-element_type=\"widget\" data-e-type=\"widget\" data-widget_type=\"theme-post-featured-image.default\">\n\t\t\t\t<div class=\"elementor-widget-container\">\n\t\t\t\t\t\t\t\t\t\t\t\t\t\t\t<img loading=\"lazy\" decoding=\"async\" width=\"800\" height=\"534\" src=\"https:\/\/www.stg-basel.ch\/wp-content\/uploads\/2024\/03\/STG-Basel-Nicolas-Crevoisier-1024x683.jpg\" class=\"attachment-large size-large wp-image-722\" alt=\"\" srcset=\"https:\/\/www.stg-basel.ch\/wp-content\/uploads\/2024\/03\/STG-Basel-Nicolas-Crevoisier-1024x683.jpg 1024w, https:\/\/www.stg-basel.ch\/wp-content\/uploads\/2024\/03\/STG-Basel-Nicolas-Crevoisier-300x200.jpg 300w, https:\/\/www.stg-basel.ch\/wp-content\/uploads\/2024\/03\/STG-Basel-Nicolas-Crevoisier-768x512.jpg 768w, https:\/\/www.stg-basel.ch\/wp-content\/uploads\/2024\/03\/STG-Basel-Nicolas-Crevoisier-1536x1024.jpg 1536w, https:\/\/www.stg-basel.ch\/wp-content\/uploads\/2024\/03\/STG-Basel-Nicolas-Crevoisier.jpg 2048w\" sizes=\"(max-width: 800px) 100vw, 800px\" \/>\t\t\t\t\t\t\t\t\t\t\t\t\t\t\t<\/div>\n\t\t\t\t<\/div>\n\t\t\t\t<div class=\"elementor-element elementor-element-0d3cfd9 elementor-widget elementor-widget-theme-post-title elementor-page-title elementor-widget-heading\" data-id=\"0d3cfd9\" data-element_type=\"widget\" data-e-type=\"widget\" data-widget_type=\"theme-post-title.default\">\n\t\t\t\t<div class=\"elementor-widget-container\">\n\t\t\t\t\t<h4 class=\"elementor-heading-title elementor-size-default\">Crevoisier Nicolas<\/h4>\t\t\t\t<\/div>\n\t\t\t\t<\/div>\n\t\t\t\t<div class=\"elementor-element elementor-element-b5bb456 elementor-widget elementor-widget-text-editor\" data-id=\"b5bb456\" data-element_type=\"widget\" data-e-type=\"widget\" data-widget_type=\"text-editor.default\">\n\t\t\t\t<div class=\"elementor-widget-container\">\n\t\t\t\t\t\t\t\t\t<p>Comptable sp\u00e9cialis\u00e9 en comptabilit\u00e9 financi\u00e8re<br \/>\nDirecteur, Family Office<\/p>\n<p>T\u00e9l.: <a href=\"tel:+41612770129\">+41 61 277 01 29<\/a><br \/>\nMail:\u00a0<a href=\"mailto:nicolas.crevoisier@stg-basel.ch\">nicolas.crevoisier@stg-basel.ch<\/a><\/p>\n\t\t\t\t\t\t\t\t<\/div>\n\t\t\t\t<\/div>\n\t\t\t\t\t<\/div>\n\t\t\t\t<\/div>\n\t\t\t\t<\/div>\n\t\t\t\t<div data-elementor-type=\"loop-item\" data-elementor-id=\"498\" class=\"elementor elementor-498 e-loop-item e-loop-item-1332 post-1332 team type-team status-publish has-post-thumbnail hentry team-bereich-mitarbeitende\" data-elementor-post-type=\"elementor_library\" data-custom-edit-handle=\"1\">\n\t\t\t<div class=\"elementor-element elementor-element-f1de5c6 e-flex e-con-boxed elementor-invisible e-con e-parent\" data-id=\"f1de5c6\" data-element_type=\"container\" data-e-type=\"container\" data-settings=\"{&quot;animation&quot;:&quot;fadeInUp&quot;}\">\n\t\t\t\t\t<div class=\"e-con-inner\">\n\t\t\t\t<div class=\"elementor-element elementor-element-a6724ec elementor-widget elementor-widget-theme-post-featured-image elementor-widget-image\" data-id=\"a6724ec\" data-element_type=\"widget\" data-e-type=\"widget\" data-widget_type=\"theme-post-featured-image.default\">\n\t\t\t\t<div class=\"elementor-widget-container\">\n\t\t\t\t\t\t\t\t\t\t\t\t\t\t\t<img loading=\"lazy\" decoding=\"async\" width=\"800\" height=\"534\" src=\"https:\/\/www.stg-basel.ch\/wp-content\/uploads\/2024\/03\/STG-Basel-Julien-Domine-1024x683.jpg\" class=\"attachment-large size-large wp-image-714\" alt=\"\" srcset=\"https:\/\/www.stg-basel.ch\/wp-content\/uploads\/2024\/03\/STG-Basel-Julien-Domine-1024x683.jpg 1024w, https:\/\/www.stg-basel.ch\/wp-content\/uploads\/2024\/03\/STG-Basel-Julien-Domine-300x200.jpg 300w, https:\/\/www.stg-basel.ch\/wp-content\/uploads\/2024\/03\/STG-Basel-Julien-Domine-768x512.jpg 768w, https:\/\/www.stg-basel.ch\/wp-content\/uploads\/2024\/03\/STG-Basel-Julien-Domine-1536x1024.jpg 1536w, https:\/\/www.stg-basel.ch\/wp-content\/uploads\/2024\/03\/STG-Basel-Julien-Domine.jpg 2048w\" sizes=\"(max-width: 800px) 100vw, 800px\" \/>\t\t\t\t\t\t\t\t\t\t\t\t\t\t\t<\/div>\n\t\t\t\t<\/div>\n\t\t\t\t<div class=\"elementor-element elementor-element-0d3cfd9 elementor-widget elementor-widget-theme-post-title elementor-page-title elementor-widget-heading\" data-id=\"0d3cfd9\" data-element_type=\"widget\" data-e-type=\"widget\" data-widget_type=\"theme-post-title.default\">\n\t\t\t\t<div class=\"elementor-widget-container\">\n\t\t\t\t\t<h4 class=\"elementor-heading-title elementor-size-default\">Domin\u00e9 Julien<\/h4>\t\t\t\t<\/div>\n\t\t\t\t<\/div>\n\t\t\t\t<div class=\"elementor-element elementor-element-b5bb456 elementor-widget elementor-widget-text-editor\" data-id=\"b5bb456\" data-element_type=\"widget\" data-e-type=\"widget\" data-widget_type=\"text-editor.default\">\n\t\t\t\t<div class=\"elementor-widget-container\">\n\t\t\t\t\t\t\t\t\t<p>Sp\u00e9cialiste en finance et comptabilit\u00e9 avec brevet f\u00e9d\u00e9ral<br \/>\nFond\u00e9 de pouvoir, Family Office<\/p>\n<p>T\u00e9l.: <a href=\"tel:+41612770136\">+41 61 277 01 36<\/a><br \/>\nMail:\u00a0<a href=\"mailto:julien.domine@stg-basel.ch\">julien.domine@stg-basel.ch<\/a><\/p>\n\t\t\t\t\t\t\t\t<\/div>\n\t\t\t\t<\/div>\n\t\t\t\t\t<\/div>\n\t\t\t\t<\/div>\n\t\t\t\t<\/div>\n\t\t\t\t<div data-elementor-type=\"loop-item\" data-elementor-id=\"498\" class=\"elementor elementor-498 e-loop-item e-loop-item-1330 post-1330 team type-team status-publish has-post-thumbnail hentry team-bereich-mitarbeitende\" data-elementor-post-type=\"elementor_library\" data-custom-edit-handle=\"1\">\n\t\t\t<div class=\"elementor-element elementor-element-f1de5c6 e-flex e-con-boxed elementor-invisible e-con e-parent\" data-id=\"f1de5c6\" data-element_type=\"container\" data-e-type=\"container\" data-settings=\"{&quot;animation&quot;:&quot;fadeInUp&quot;}\">\n\t\t\t\t\t<div class=\"e-con-inner\">\n\t\t\t\t<div class=\"elementor-element elementor-element-a6724ec elementor-widget elementor-widget-theme-post-featured-image elementor-widget-image\" data-id=\"a6724ec\" data-element_type=\"widget\" data-e-type=\"widget\" data-widget_type=\"theme-post-featured-image.default\">\n\t\t\t\t<div class=\"elementor-widget-container\">\n\t\t\t\t\t\t\t\t\t\t\t\t\t\t\t<img loading=\"lazy\" decoding=\"async\" width=\"800\" height=\"534\" src=\"https:\/\/www.stg-basel.ch\/wp-content\/uploads\/2024\/03\/STG-Basel-Marcel-Gallati-1024x683.jpg\" class=\"attachment-large size-large wp-image-718\" alt=\"\" srcset=\"https:\/\/www.stg-basel.ch\/wp-content\/uploads\/2024\/03\/STG-Basel-Marcel-Gallati-1024x683.jpg 1024w, https:\/\/www.stg-basel.ch\/wp-content\/uploads\/2024\/03\/STG-Basel-Marcel-Gallati-300x200.jpg 300w, https:\/\/www.stg-basel.ch\/wp-content\/uploads\/2024\/03\/STG-Basel-Marcel-Gallati-768x512.jpg 768w, https:\/\/www.stg-basel.ch\/wp-content\/uploads\/2024\/03\/STG-Basel-Marcel-Gallati-1536x1024.jpg 1536w, https:\/\/www.stg-basel.ch\/wp-content\/uploads\/2024\/03\/STG-Basel-Marcel-Gallati.jpg 2048w\" sizes=\"(max-width: 800px) 100vw, 800px\" \/>\t\t\t\t\t\t\t\t\t\t\t\t\t\t\t<\/div>\n\t\t\t\t<\/div>\n\t\t\t\t<div class=\"elementor-element elementor-element-0d3cfd9 elementor-widget elementor-widget-theme-post-title elementor-page-title elementor-widget-heading\" data-id=\"0d3cfd9\" data-element_type=\"widget\" data-e-type=\"widget\" data-widget_type=\"theme-post-title.default\">\n\t\t\t\t<div class=\"elementor-widget-container\">\n\t\t\t\t\t<h4 class=\"elementor-heading-title elementor-size-default\">Gallati Marcel<\/h4>\t\t\t\t<\/div>\n\t\t\t\t<\/div>\n\t\t\t\t<div class=\"elementor-element elementor-element-b5bb456 elementor-widget elementor-widget-text-editor\" data-id=\"b5bb456\" data-element_type=\"widget\" data-e-type=\"widget\" data-widget_type=\"text-editor.default\">\n\t\t\t\t<div class=\"elementor-widget-container\">\n\t\t\t\t\t\t\t\t\t<p>Consultant, Family Office<\/p>\n<p>T\u00e9l.: <a href=\"tel:+41612770135\">+41 61 277 01 35<\/a><br \/>\nMail:\u00a0<a href=\"mailto:marcel.gallati@stg-basel.ch\">marcel.gallati@stg-basel.ch<\/a><\/p>\n\t\t\t\t\t\t\t\t<\/div>\n\t\t\t\t<\/div>\n\t\t\t\t\t<\/div>\n\t\t\t\t<\/div>\n\t\t\t\t<\/div>\n\t\t\t\t<div data-elementor-type=\"loop-item\" data-elementor-id=\"498\" class=\"elementor elementor-498 e-loop-item e-loop-item-1329 post-1329 team type-team status-publish has-post-thumbnail hentry team-bereich-mitarbeitende\" data-elementor-post-type=\"elementor_library\" data-custom-edit-handle=\"1\">\n\t\t\t<div class=\"elementor-element elementor-element-f1de5c6 e-flex e-con-boxed elementor-invisible e-con e-parent\" data-id=\"f1de5c6\" data-element_type=\"container\" data-e-type=\"container\" data-settings=\"{&quot;animation&quot;:&quot;fadeInUp&quot;}\">\n\t\t\t\t\t<div class=\"e-con-inner\">\n\t\t\t\t<div class=\"elementor-element elementor-element-a6724ec elementor-widget elementor-widget-theme-post-featured-image elementor-widget-image\" data-id=\"a6724ec\" data-element_type=\"widget\" data-e-type=\"widget\" data-widget_type=\"theme-post-featured-image.default\">\n\t\t\t\t<div class=\"elementor-widget-container\">\n\t\t\t\t\t\t\t\t\t\t\t\t\t\t\t<img loading=\"lazy\" decoding=\"async\" width=\"800\" height=\"534\" src=\"https:\/\/www.stg-basel.ch\/wp-content\/uploads\/2024\/03\/STG-Basel-Oliver-Gasser-1024x683.jpg\" class=\"attachment-large size-large wp-image-724\" alt=\"\" srcset=\"https:\/\/www.stg-basel.ch\/wp-content\/uploads\/2024\/03\/STG-Basel-Oliver-Gasser-1024x683.jpg 1024w, https:\/\/www.stg-basel.ch\/wp-content\/uploads\/2024\/03\/STG-Basel-Oliver-Gasser-300x200.jpg 300w, https:\/\/www.stg-basel.ch\/wp-content\/uploads\/2024\/03\/STG-Basel-Oliver-Gasser-768x512.jpg 768w, https:\/\/www.stg-basel.ch\/wp-content\/uploads\/2024\/03\/STG-Basel-Oliver-Gasser-1536x1024.jpg 1536w, https:\/\/www.stg-basel.ch\/wp-content\/uploads\/2024\/03\/STG-Basel-Oliver-Gasser.jpg 2048w\" sizes=\"(max-width: 800px) 100vw, 800px\" \/>\t\t\t\t\t\t\t\t\t\t\t\t\t\t\t<\/div>\n\t\t\t\t<\/div>\n\t\t\t\t<div class=\"elementor-element elementor-element-0d3cfd9 elementor-widget elementor-widget-theme-post-title elementor-page-title elementor-widget-heading\" data-id=\"0d3cfd9\" data-element_type=\"widget\" data-e-type=\"widget\" data-widget_type=\"theme-post-title.default\">\n\t\t\t\t<div class=\"elementor-widget-container\">\n\t\t\t\t\t<h4 class=\"elementor-heading-title elementor-size-default\">Gasser Oliver<\/h4>\t\t\t\t<\/div>\n\t\t\t\t<\/div>\n\t\t\t\t<div class=\"elementor-element elementor-element-b5bb456 elementor-widget elementor-widget-text-editor\" data-id=\"b5bb456\" data-element_type=\"widget\" data-e-type=\"widget\" data-widget_type=\"text-editor.default\">\n\t\t\t\t<div class=\"elementor-widget-container\">\n\t\t\t\t\t\t\t\t\t<p>MLaw<br \/>\nSous-directeur, Sp\u00e9cialiste en fiscalit\u00e9<\/p>\n<p>T\u00e9l.: <a href=\"tel:+41612770118\">+41 61 277 01 18<\/a><br \/>\nMail:\u00a0<a href=\"mailto:oliver.gasser@stg-basel.ch\">oliver.gasser@stg-basel.ch<\/a><\/p>\n\t\t\t\t\t\t\t\t<\/div>\n\t\t\t\t<\/div>\n\t\t\t\t\t<\/div>\n\t\t\t\t<\/div>\n\t\t\t\t<\/div>\n\t\t\t\t<div data-elementor-type=\"loop-item\" data-elementor-id=\"498\" class=\"elementor elementor-498 e-loop-item e-loop-item-1325 post-1325 team type-team status-publish has-post-thumbnail hentry team-bereich-mitarbeitende\" data-elementor-post-type=\"elementor_library\" data-custom-edit-handle=\"1\">\n\t\t\t<div class=\"elementor-element elementor-element-f1de5c6 e-flex e-con-boxed elementor-invisible e-con e-parent\" data-id=\"f1de5c6\" data-element_type=\"container\" data-e-type=\"container\" data-settings=\"{&quot;animation&quot;:&quot;fadeInUp&quot;}\">\n\t\t\t\t\t<div class=\"e-con-inner\">\n\t\t\t\t<div class=\"elementor-element elementor-element-a6724ec elementor-widget elementor-widget-theme-post-featured-image elementor-widget-image\" data-id=\"a6724ec\" data-element_type=\"widget\" data-e-type=\"widget\" data-widget_type=\"theme-post-featured-image.default\">\n\t\t\t\t<div class=\"elementor-widget-container\">\n\t\t\t\t\t\t\t\t\t\t\t\t\t\t\t<img loading=\"lazy\" decoding=\"async\" width=\"800\" height=\"534\" src=\"https:\/\/www.stg-basel.ch\/wp-content\/uploads\/2024\/03\/STG-Basel-Marie-Hurtaud-1024x683.jpg\" class=\"attachment-large size-large wp-image-720\" alt=\"\" srcset=\"https:\/\/www.stg-basel.ch\/wp-content\/uploads\/2024\/03\/STG-Basel-Marie-Hurtaud-1024x683.jpg 1024w, https:\/\/www.stg-basel.ch\/wp-content\/uploads\/2024\/03\/STG-Basel-Marie-Hurtaud-300x200.jpg 300w, https:\/\/www.stg-basel.ch\/wp-content\/uploads\/2024\/03\/STG-Basel-Marie-Hurtaud-768x512.jpg 768w, https:\/\/www.stg-basel.ch\/wp-content\/uploads\/2024\/03\/STG-Basel-Marie-Hurtaud-1536x1024.jpg 1536w, https:\/\/www.stg-basel.ch\/wp-content\/uploads\/2024\/03\/STG-Basel-Marie-Hurtaud.jpg 2048w\" sizes=\"(max-width: 800px) 100vw, 800px\" \/>\t\t\t\t\t\t\t\t\t\t\t\t\t\t\t<\/div>\n\t\t\t\t<\/div>\n\t\t\t\t<div class=\"elementor-element elementor-element-0d3cfd9 elementor-widget elementor-widget-theme-post-title elementor-page-title elementor-widget-heading\" data-id=\"0d3cfd9\" data-element_type=\"widget\" data-e-type=\"widget\" data-widget_type=\"theme-post-title.default\">\n\t\t\t\t<div class=\"elementor-widget-container\">\n\t\t\t\t\t<h4 class=\"elementor-heading-title elementor-size-default\">Hurtaud Marie<\/h4>\t\t\t\t<\/div>\n\t\t\t\t<\/div>\n\t\t\t\t<div class=\"elementor-element elementor-element-b5bb456 elementor-widget elementor-widget-text-editor\" data-id=\"b5bb456\" data-element_type=\"widget\" data-e-type=\"widget\" data-widget_type=\"text-editor.default\">\n\t\t\t\t<div class=\"elementor-widget-container\">\n\t\t\t\t\t\t\t\t\t<p>Sp\u00e9cialiste en finance et comptabilit\u00e9 avec brevet f\u00e9d\u00e9ral<br \/>\nMandataire commerciale, Family Office<\/p>\n<p>T\u00e9l.: <a href=\"tel:+41612770126\">+41 61 277 01 26<\/a><br \/>\nMail:\u00a0<a href=\"mailto:marie.hurtaud@stg-basel.ch\">marie.hurtaud@stg-basel.ch<\/a><\/p>\n\t\t\t\t\t\t\t\t<\/div>\n\t\t\t\t<\/div>\n\t\t\t\t\t<\/div>\n\t\t\t\t<\/div>\n\t\t\t\t<\/div>\n\t\t\t\t<div data-elementor-type=\"loop-item\" data-elementor-id=\"498\" class=\"elementor elementor-498 e-loop-item e-loop-item-1487 post-1487 team type-team status-publish has-post-thumbnail hentry team-bereich-mitarbeitende\" data-elementor-post-type=\"elementor_library\" data-custom-edit-handle=\"1\">\n\t\t\t<div class=\"elementor-element elementor-element-f1de5c6 e-flex e-con-boxed elementor-invisible e-con e-parent\" data-id=\"f1de5c6\" data-element_type=\"container\" data-e-type=\"container\" data-settings=\"{&quot;animation&quot;:&quot;fadeInUp&quot;}\">\n\t\t\t\t\t<div class=\"e-con-inner\">\n\t\t\t\t<div class=\"elementor-element elementor-element-a6724ec elementor-widget elementor-widget-theme-post-featured-image elementor-widget-image\" data-id=\"a6724ec\" data-element_type=\"widget\" data-e-type=\"widget\" data-widget_type=\"theme-post-featured-image.default\">\n\t\t\t\t<div class=\"elementor-widget-container\">\n\t\t\t\t\t\t\t\t\t\t\t\t\t\t\t<img loading=\"lazy\" decoding=\"async\" width=\"800\" height=\"534\" src=\"https:\/\/www.stg-basel.ch\/wp-content\/uploads\/2024\/10\/2024-10-16-STG-Basel-Vlera-Kasumi-1024x683.jpg\" class=\"attachment-large size-large wp-image-1485\" alt=\"\" srcset=\"https:\/\/www.stg-basel.ch\/wp-content\/uploads\/2024\/10\/2024-10-16-STG-Basel-Vlera-Kasumi-1024x683.jpg 1024w, https:\/\/www.stg-basel.ch\/wp-content\/uploads\/2024\/10\/2024-10-16-STG-Basel-Vlera-Kasumi-300x200.jpg 300w, https:\/\/www.stg-basel.ch\/wp-content\/uploads\/2024\/10\/2024-10-16-STG-Basel-Vlera-Kasumi-768x512.jpg 768w, https:\/\/www.stg-basel.ch\/wp-content\/uploads\/2024\/10\/2024-10-16-STG-Basel-Vlera-Kasumi-1536x1024.jpg 1536w, https:\/\/www.stg-basel.ch\/wp-content\/uploads\/2024\/10\/2024-10-16-STG-Basel-Vlera-Kasumi-2048x1365.jpg 2048w\" sizes=\"(max-width: 800px) 100vw, 800px\" \/>\t\t\t\t\t\t\t\t\t\t\t\t\t\t\t<\/div>\n\t\t\t\t<\/div>\n\t\t\t\t<div class=\"elementor-element elementor-element-0d3cfd9 elementor-widget elementor-widget-theme-post-title elementor-page-title elementor-widget-heading\" data-id=\"0d3cfd9\" data-element_type=\"widget\" data-e-type=\"widget\" data-widget_type=\"theme-post-title.default\">\n\t\t\t\t<div class=\"elementor-widget-container\">\n\t\t\t\t\t<h4 class=\"elementor-heading-title elementor-size-default\">Kasumi Vlera<\/h4>\t\t\t\t<\/div>\n\t\t\t\t<\/div>\n\t\t\t\t<div class=\"elementor-element elementor-element-b5bb456 elementor-widget elementor-widget-text-editor\" data-id=\"b5bb456\" data-element_type=\"widget\" data-e-type=\"widget\" data-widget_type=\"text-editor.default\">\n\t\t\t\t<div class=\"elementor-widget-container\">\n\t\t\t\t\t\t\t\t\t<p>Collaboratrice sp\u00e9cialis\u00e9e, Comptabilit\u00e9<\/p>\n<p>T\u00e9l.: <a href=\"tel:+41612770137\">+41 61 277 01 37<\/a><br \/>\nMail: <a href=\"mailto:vlera.kasumi@stg-basel.ch\">vlera.kasumi@stg-basel.ch<\/a><\/p>\n\t\t\t\t\t\t\t\t<\/div>\n\t\t\t\t<\/div>\n\t\t\t\t\t<\/div>\n\t\t\t\t<\/div>\n\t\t\t\t<\/div>\n\t\t\t\t<div data-elementor-type=\"loop-item\" data-elementor-id=\"498\" class=\"elementor elementor-498 e-loop-item e-loop-item-1324 post-1324 team type-team status-publish has-post-thumbnail hentry team-bereich-mitarbeitende\" data-elementor-post-type=\"elementor_library\" data-custom-edit-handle=\"1\">\n\t\t\t<div class=\"elementor-element elementor-element-f1de5c6 e-flex e-con-boxed elementor-invisible e-con e-parent\" data-id=\"f1de5c6\" data-element_type=\"container\" data-e-type=\"container\" data-settings=\"{&quot;animation&quot;:&quot;fadeInUp&quot;}\">\n\t\t\t\t\t<div class=\"e-con-inner\">\n\t\t\t\t<div class=\"elementor-element elementor-element-a6724ec elementor-widget elementor-widget-theme-post-featured-image elementor-widget-image\" data-id=\"a6724ec\" data-element_type=\"widget\" data-e-type=\"widget\" data-widget_type=\"theme-post-featured-image.default\">\n\t\t\t\t<div class=\"elementor-widget-container\">\n\t\t\t\t\t\t\t\t\t\t\t\t\t\t\t<img loading=\"lazy\" decoding=\"async\" width=\"800\" height=\"534\" src=\"https:\/\/www.stg-basel.ch\/wp-content\/uploads\/2024\/03\/STG-Basel-Tamara-Keller-1024x683.jpg\" class=\"attachment-large size-large wp-image-736\" alt=\"\" srcset=\"https:\/\/www.stg-basel.ch\/wp-content\/uploads\/2024\/03\/STG-Basel-Tamara-Keller-1024x683.jpg 1024w, https:\/\/www.stg-basel.ch\/wp-content\/uploads\/2024\/03\/STG-Basel-Tamara-Keller-300x200.jpg 300w, https:\/\/www.stg-basel.ch\/wp-content\/uploads\/2024\/03\/STG-Basel-Tamara-Keller-768x512.jpg 768w, https:\/\/www.stg-basel.ch\/wp-content\/uploads\/2024\/03\/STG-Basel-Tamara-Keller-1536x1024.jpg 1536w, https:\/\/www.stg-basel.ch\/wp-content\/uploads\/2024\/03\/STG-Basel-Tamara-Keller.jpg 2048w\" sizes=\"(max-width: 800px) 100vw, 800px\" \/>\t\t\t\t\t\t\t\t\t\t\t\t\t\t\t<\/div>\n\t\t\t\t<\/div>\n\t\t\t\t<div class=\"elementor-element elementor-element-0d3cfd9 elementor-widget elementor-widget-theme-post-title elementor-page-title elementor-widget-heading\" data-id=\"0d3cfd9\" data-element_type=\"widget\" data-e-type=\"widget\" data-widget_type=\"theme-post-title.default\">\n\t\t\t\t<div class=\"elementor-widget-container\">\n\t\t\t\t\t<h4 class=\"elementor-heading-title elementor-size-default\">Keller Tamara<\/h4>\t\t\t\t<\/div>\n\t\t\t\t<\/div>\n\t\t\t\t<div class=\"elementor-element elementor-element-b5bb456 elementor-widget elementor-widget-text-editor\" data-id=\"b5bb456\" data-element_type=\"widget\" data-e-type=\"widget\" data-widget_type=\"text-editor.default\">\n\t\t\t\t<div class=\"elementor-widget-container\">\n\t\t\t\t\t\t\t\t\t<p>Bachelor of Science HES-SO en \u00e9conomie d\u2019entreprise<br \/>\nSous-directrice, Family Office<\/p>\n<p>T\u00e9l.: <a href=\"tel:+41612770128\">+41 61 277 01 28<\/a><br \/>\nMail:\u00a0<a href=\"mailto:tamara.keller@stg-basel.ch\">tamara.keller@stg-basel.ch<\/a><\/p>\n\t\t\t\t\t\t\t\t<\/div>\n\t\t\t\t<\/div>\n\t\t\t\t\t<\/div>\n\t\t\t\t<\/div>\n\t\t\t\t<\/div>\n\t\t\t\t<div data-elementor-type=\"loop-item\" data-elementor-id=\"498\" class=\"elementor elementor-498 e-loop-item e-loop-item-1335 post-1335 team type-team status-publish has-post-thumbnail hentry team-bereich-mitarbeitende\" data-elementor-post-type=\"elementor_library\" data-custom-edit-handle=\"1\">\n\t\t\t<div class=\"elementor-element elementor-element-f1de5c6 e-flex e-con-boxed elementor-invisible e-con e-parent\" data-id=\"f1de5c6\" data-element_type=\"container\" data-e-type=\"container\" data-settings=\"{&quot;animation&quot;:&quot;fadeInUp&quot;}\">\n\t\t\t\t\t<div class=\"e-con-inner\">\n\t\t\t\t<div class=\"elementor-element elementor-element-a6724ec elementor-widget elementor-widget-theme-post-featured-image elementor-widget-image\" data-id=\"a6724ec\" data-element_type=\"widget\" data-e-type=\"widget\" data-widget_type=\"theme-post-featured-image.default\">\n\t\t\t\t<div class=\"elementor-widget-container\">\n\t\t\t\t\t\t\t\t\t\t\t\t\t\t\t<img loading=\"lazy\" decoding=\"async\" width=\"800\" height=\"534\" src=\"https:\/\/www.stg-basel.ch\/wp-content\/uploads\/2024\/03\/STG-Basel-Sophie-Lisibach-1024x683.jpg\" class=\"attachment-large size-large wp-image-730\" alt=\"\" srcset=\"https:\/\/www.stg-basel.ch\/wp-content\/uploads\/2024\/03\/STG-Basel-Sophie-Lisibach-1024x683.jpg 1024w, https:\/\/www.stg-basel.ch\/wp-content\/uploads\/2024\/03\/STG-Basel-Sophie-Lisibach-300x200.jpg 300w, https:\/\/www.stg-basel.ch\/wp-content\/uploads\/2024\/03\/STG-Basel-Sophie-Lisibach-768x512.jpg 768w, https:\/\/www.stg-basel.ch\/wp-content\/uploads\/2024\/03\/STG-Basel-Sophie-Lisibach-1536x1024.jpg 1536w, https:\/\/www.stg-basel.ch\/wp-content\/uploads\/2024\/03\/STG-Basel-Sophie-Lisibach.jpg 2048w\" sizes=\"(max-width: 800px) 100vw, 800px\" \/>\t\t\t\t\t\t\t\t\t\t\t\t\t\t\t<\/div>\n\t\t\t\t<\/div>\n\t\t\t\t<div class=\"elementor-element elementor-element-0d3cfd9 elementor-widget elementor-widget-theme-post-title elementor-page-title elementor-widget-heading\" data-id=\"0d3cfd9\" data-element_type=\"widget\" data-e-type=\"widget\" data-widget_type=\"theme-post-title.default\">\n\t\t\t\t<div class=\"elementor-widget-container\">\n\t\t\t\t\t<h4 class=\"elementor-heading-title elementor-size-default\">Lisibach Sophie<\/h4>\t\t\t\t<\/div>\n\t\t\t\t<\/div>\n\t\t\t\t<div class=\"elementor-element elementor-element-b5bb456 elementor-widget elementor-widget-text-editor\" data-id=\"b5bb456\" data-element_type=\"widget\" data-e-type=\"widget\" data-widget_type=\"text-editor.default\">\n\t\t\t\t<div class=\"elementor-widget-container\">\n\t\t\t\t\t\t\t\t\t<p>Sp\u00e9cialiste en finance et comptabilit\u00e9 avec brevet f\u00e9d\u00e9ral<br \/>\nProcuriste, Directrice Comptabilit\u00e9<\/p>\n<p>T\u00e9l.: <a href=\"tel:+41612770120\">+41 61 277 01 20<\/a><br \/>\nMail:\u00a0<a href=\"mailto:sophie.lisibach@stg-basel.ch\">sophie.lisibach@stg-basel.ch<\/a><\/p>\n\t\t\t\t\t\t\t\t<\/div>\n\t\t\t\t<\/div>\n\t\t\t\t\t<\/div>\n\t\t\t\t<\/div>\n\t\t\t\t<\/div>\n\t\t\t\t<div data-elementor-type=\"loop-item\" data-elementor-id=\"498\" class=\"elementor elementor-498 e-loop-item e-loop-item-1533 post-1533 team type-team status-publish has-post-thumbnail hentry team-bereich-mitarbeitende\" data-elementor-post-type=\"elementor_library\" data-custom-edit-handle=\"1\">\n\t\t\t<div class=\"elementor-element elementor-element-f1de5c6 e-flex e-con-boxed elementor-invisible e-con e-parent\" data-id=\"f1de5c6\" data-element_type=\"container\" data-e-type=\"container\" data-settings=\"{&quot;animation&quot;:&quot;fadeInUp&quot;}\">\n\t\t\t\t\t<div class=\"e-con-inner\">\n\t\t\t\t<div class=\"elementor-element elementor-element-a6724ec elementor-widget elementor-widget-theme-post-featured-image elementor-widget-image\" data-id=\"a6724ec\" data-element_type=\"widget\" data-e-type=\"widget\" data-widget_type=\"theme-post-featured-image.default\">\n\t\t\t\t<div class=\"elementor-widget-container\">\n\t\t\t\t\t\t\t\t\t\t\t\t\t\t\t<img loading=\"lazy\" decoding=\"async\" width=\"800\" height=\"534\" src=\"https:\/\/www.stg-basel.ch\/wp-content\/uploads\/2025\/04\/2025-03-28-STG-Thanushan-Palasingam4168_hoch-1024x683.jpg\" class=\"attachment-large size-large wp-image-1530\" alt=\"\" srcset=\"https:\/\/www.stg-basel.ch\/wp-content\/uploads\/2025\/04\/2025-03-28-STG-Thanushan-Palasingam4168_hoch-1024x683.jpg 1024w, https:\/\/www.stg-basel.ch\/wp-content\/uploads\/2025\/04\/2025-03-28-STG-Thanushan-Palasingam4168_hoch-300x200.jpg 300w, https:\/\/www.stg-basel.ch\/wp-content\/uploads\/2025\/04\/2025-03-28-STG-Thanushan-Palasingam4168_hoch-768x512.jpg 768w, https:\/\/www.stg-basel.ch\/wp-content\/uploads\/2025\/04\/2025-03-28-STG-Thanushan-Palasingam4168_hoch-1536x1024.jpg 1536w, https:\/\/www.stg-basel.ch\/wp-content\/uploads\/2025\/04\/2025-03-28-STG-Thanushan-Palasingam4168_hoch-2048x1365.jpg 2048w\" sizes=\"(max-width: 800px) 100vw, 800px\" \/>\t\t\t\t\t\t\t\t\t\t\t\t\t\t\t<\/div>\n\t\t\t\t<\/div>\n\t\t\t\t<div class=\"elementor-element elementor-element-0d3cfd9 elementor-widget elementor-widget-theme-post-title elementor-page-title elementor-widget-heading\" data-id=\"0d3cfd9\" data-element_type=\"widget\" data-e-type=\"widget\" data-widget_type=\"theme-post-title.default\">\n\t\t\t\t<div class=\"elementor-widget-container\">\n\t\t\t\t\t<h4 class=\"elementor-heading-title elementor-size-default\">Palasingam Thanushan<\/h4>\t\t\t\t<\/div>\n\t\t\t\t<\/div>\n\t\t\t\t<div class=\"elementor-element elementor-element-b5bb456 elementor-widget elementor-widget-text-editor\" data-id=\"b5bb456\" data-element_type=\"widget\" data-e-type=\"widget\" data-widget_type=\"text-editor.default\">\n\t\t\t\t<div class=\"elementor-widget-container\">\n\t\t\t\t\t\t\t\t\t<p>Collaborateur sp\u00e9cialis\u00e9, Imp\u00f4ts<\/p>\n<p>Tel.:\u00a0<a href=\"tel:+41612770138\">+41 61 277 01 38<\/a><br \/>\nMail: <a href=\"mailto:thanushan.palasingam@stg-basel.ch\">thanushan.palasingam@stg-basel.ch<\/a><\/p>\n\t\t\t\t\t\t\t\t<\/div>\n\t\t\t\t<\/div>\n\t\t\t\t\t<\/div>\n\t\t\t\t<\/div>\n\t\t\t\t<\/div>\n\t\t\t\t<div data-elementor-type=\"loop-item\" data-elementor-id=\"498\" class=\"elementor elementor-498 e-loop-item e-loop-item-1321 post-1321 team type-team status-publish has-post-thumbnail hentry team-bereich-mitarbeitende\" data-elementor-post-type=\"elementor_library\" data-custom-edit-handle=\"1\">\n\t\t\t<div class=\"elementor-element elementor-element-f1de5c6 e-flex e-con-boxed elementor-invisible e-con e-parent\" data-id=\"f1de5c6\" data-element_type=\"container\" data-e-type=\"container\" data-settings=\"{&quot;animation&quot;:&quot;fadeInUp&quot;}\">\n\t\t\t\t\t<div class=\"e-con-inner\">\n\t\t\t\t<div class=\"elementor-element elementor-element-a6724ec elementor-widget elementor-widget-theme-post-featured-image elementor-widget-image\" data-id=\"a6724ec\" data-element_type=\"widget\" data-e-type=\"widget\" data-widget_type=\"theme-post-featured-image.default\">\n\t\t\t\t<div class=\"elementor-widget-container\">\n\t\t\t\t\t\t\t\t\t\t\t\t\t\t\t<img loading=\"lazy\" decoding=\"async\" width=\"800\" height=\"534\" src=\"https:\/\/www.stg-basel.ch\/wp-content\/uploads\/2024\/03\/STG-Basel-Derek-Perez-1024x683.jpg\" class=\"attachment-large size-large wp-image-704\" alt=\"\" srcset=\"https:\/\/www.stg-basel.ch\/wp-content\/uploads\/2024\/03\/STG-Basel-Derek-Perez-1024x683.jpg 1024w, https:\/\/www.stg-basel.ch\/wp-content\/uploads\/2024\/03\/STG-Basel-Derek-Perez-300x200.jpg 300w, https:\/\/www.stg-basel.ch\/wp-content\/uploads\/2024\/03\/STG-Basel-Derek-Perez-768x512.jpg 768w, https:\/\/www.stg-basel.ch\/wp-content\/uploads\/2024\/03\/STG-Basel-Derek-Perez-1536x1024.jpg 1536w, https:\/\/www.stg-basel.ch\/wp-content\/uploads\/2024\/03\/STG-Basel-Derek-Perez.jpg 2048w\" sizes=\"(max-width: 800px) 100vw, 800px\" \/>\t\t\t\t\t\t\t\t\t\t\t\t\t\t\t<\/div>\n\t\t\t\t<\/div>\n\t\t\t\t<div class=\"elementor-element elementor-element-0d3cfd9 elementor-widget elementor-widget-theme-post-title elementor-page-title elementor-widget-heading\" data-id=\"0d3cfd9\" data-element_type=\"widget\" data-e-type=\"widget\" data-widget_type=\"theme-post-title.default\">\n\t\t\t\t<div class=\"elementor-widget-container\">\n\t\t\t\t\t<h4 class=\"elementor-heading-title elementor-size-default\">P\u00e9rez Derek<\/h4>\t\t\t\t<\/div>\n\t\t\t\t<\/div>\n\t\t\t\t<div class=\"elementor-element elementor-element-b5bb456 elementor-widget elementor-widget-text-editor\" data-id=\"b5bb456\" data-element_type=\"widget\" data-e-type=\"widget\" data-widget_type=\"text-editor.default\">\n\t\t\t\t<div class=\"elementor-widget-container\">\n\t\t\t\t\t\t\t\t\t<p>Sous-directeur, Family Office<\/p>\n<p>T\u00e9l.: <a href=\"tel:+41612770123\">+41 61 277 01 23<\/a><br \/>\nMail:\u00a0<a href=\"mailto:derek.perez@stg-basel.ch\">derek.perez@stg-basel.ch<\/a><\/p>\n\t\t\t\t\t\t\t\t<\/div>\n\t\t\t\t<\/div>\n\t\t\t\t\t<\/div>\n\t\t\t\t<\/div>\n\t\t\t\t<\/div>\n\t\t\t\t<div data-elementor-type=\"loop-item\" data-elementor-id=\"498\" class=\"elementor elementor-498 e-loop-item e-loop-item-1319 post-1319 team type-team status-publish has-post-thumbnail hentry team-bereich-mitarbeitende\" data-elementor-post-type=\"elementor_library\" data-custom-edit-handle=\"1\">\n\t\t\t<div class=\"elementor-element elementor-element-f1de5c6 e-flex e-con-boxed elementor-invisible e-con e-parent\" data-id=\"f1de5c6\" data-element_type=\"container\" data-e-type=\"container\" data-settings=\"{&quot;animation&quot;:&quot;fadeInUp&quot;}\">\n\t\t\t\t\t<div class=\"e-con-inner\">\n\t\t\t\t<div class=\"elementor-element elementor-element-a6724ec elementor-widget elementor-widget-theme-post-featured-image elementor-widget-image\" data-id=\"a6724ec\" data-element_type=\"widget\" data-e-type=\"widget\" data-widget_type=\"theme-post-featured-image.default\">\n\t\t\t\t<div class=\"elementor-widget-container\">\n\t\t\t\t\t\t\t\t\t\t\t\t\t\t\t<img loading=\"lazy\" decoding=\"async\" width=\"800\" height=\"534\" src=\"https:\/\/www.stg-basel.ch\/wp-content\/uploads\/2024\/03\/STG-Basel-Pascaline-Queloz-1024x683.jpg\" class=\"attachment-large size-large wp-image-726\" alt=\"\" srcset=\"https:\/\/www.stg-basel.ch\/wp-content\/uploads\/2024\/03\/STG-Basel-Pascaline-Queloz-1024x683.jpg 1024w, https:\/\/www.stg-basel.ch\/wp-content\/uploads\/2024\/03\/STG-Basel-Pascaline-Queloz-300x200.jpg 300w, https:\/\/www.stg-basel.ch\/wp-content\/uploads\/2024\/03\/STG-Basel-Pascaline-Queloz-768x512.jpg 768w, https:\/\/www.stg-basel.ch\/wp-content\/uploads\/2024\/03\/STG-Basel-Pascaline-Queloz-1536x1024.jpg 1536w, https:\/\/www.stg-basel.ch\/wp-content\/uploads\/2024\/03\/STG-Basel-Pascaline-Queloz.jpg 2048w\" sizes=\"(max-width: 800px) 100vw, 800px\" \/>\t\t\t\t\t\t\t\t\t\t\t\t\t\t\t<\/div>\n\t\t\t\t<\/div>\n\t\t\t\t<div class=\"elementor-element elementor-element-0d3cfd9 elementor-widget elementor-widget-theme-post-title elementor-page-title elementor-widget-heading\" data-id=\"0d3cfd9\" data-element_type=\"widget\" data-e-type=\"widget\" data-widget_type=\"theme-post-title.default\">\n\t\t\t\t<div class=\"elementor-widget-container\">\n\t\t\t\t\t<h4 class=\"elementor-heading-title elementor-size-default\">Queloz Pascaline<\/h4>\t\t\t\t<\/div>\n\t\t\t\t<\/div>\n\t\t\t\t<div class=\"elementor-element elementor-element-b5bb456 elementor-widget elementor-widget-text-editor\" data-id=\"b5bb456\" data-element_type=\"widget\" data-e-type=\"widget\" data-widget_type=\"text-editor.default\">\n\t\t\t\t<div class=\"elementor-widget-container\">\n\t\t\t\t\t\t\t\t\t<p>Sous-directrice, Family Office<\/p>\n<p>T\u00e9l.: <a href=\"tel:+41612770124\">+41 61 277 01 24<\/a><br \/>\nMail:\u00a0<a href=\"mailto:pascaline.queloz@stg-basel.ch\">pascaline.queloz@stg-basel.ch<\/a><\/p>\n\t\t\t\t\t\t\t\t<\/div>\n\t\t\t\t<\/div>\n\t\t\t\t\t<\/div>\n\t\t\t\t<\/div>\n\t\t\t\t<\/div>\n\t\t\t\t<div data-elementor-type=\"loop-item\" data-elementor-id=\"498\" class=\"elementor elementor-498 e-loop-item e-loop-item-1317 post-1317 team type-team status-publish has-post-thumbnail hentry team-bereich-mitarbeitende\" data-elementor-post-type=\"elementor_library\" data-custom-edit-handle=\"1\">\n\t\t\t<div class=\"elementor-element elementor-element-f1de5c6 e-flex e-con-boxed elementor-invisible e-con e-parent\" data-id=\"f1de5c6\" data-element_type=\"container\" data-e-type=\"container\" data-settings=\"{&quot;animation&quot;:&quot;fadeInUp&quot;}\">\n\t\t\t\t\t<div class=\"e-con-inner\">\n\t\t\t\t<div class=\"elementor-element elementor-element-a6724ec elementor-widget elementor-widget-theme-post-featured-image elementor-widget-image\" data-id=\"a6724ec\" data-element_type=\"widget\" data-e-type=\"widget\" data-widget_type=\"theme-post-featured-image.default\">\n\t\t\t\t<div class=\"elementor-widget-container\">\n\t\t\t\t\t\t\t\t\t\t\t\t\t\t\t<img loading=\"lazy\" decoding=\"async\" width=\"800\" height=\"534\" src=\"https:\/\/www.stg-basel.ch\/wp-content\/uploads\/2024\/03\/STG-Basel-Dragana-Savic-1024x683.jpg\" class=\"attachment-large size-large wp-image-706\" alt=\"\" srcset=\"https:\/\/www.stg-basel.ch\/wp-content\/uploads\/2024\/03\/STG-Basel-Dragana-Savic-1024x683.jpg 1024w, https:\/\/www.stg-basel.ch\/wp-content\/uploads\/2024\/03\/STG-Basel-Dragana-Savic-300x200.jpg 300w, https:\/\/www.stg-basel.ch\/wp-content\/uploads\/2024\/03\/STG-Basel-Dragana-Savic-768x512.jpg 768w, https:\/\/www.stg-basel.ch\/wp-content\/uploads\/2024\/03\/STG-Basel-Dragana-Savic-1536x1024.jpg 1536w, https:\/\/www.stg-basel.ch\/wp-content\/uploads\/2024\/03\/STG-Basel-Dragana-Savic.jpg 2048w\" sizes=\"(max-width: 800px) 100vw, 800px\" \/>\t\t\t\t\t\t\t\t\t\t\t\t\t\t\t<\/div>\n\t\t\t\t<\/div>\n\t\t\t\t<div class=\"elementor-element elementor-element-0d3cfd9 elementor-widget elementor-widget-theme-post-title elementor-page-title elementor-widget-heading\" data-id=\"0d3cfd9\" data-element_type=\"widget\" data-e-type=\"widget\" data-widget_type=\"theme-post-title.default\">\n\t\t\t\t<div class=\"elementor-widget-container\">\n\t\t\t\t\t<h4 class=\"elementor-heading-title elementor-size-default\">Savic Dragana<\/h4>\t\t\t\t<\/div>\n\t\t\t\t<\/div>\n\t\t\t\t<div class=\"elementor-element elementor-element-b5bb456 elementor-widget elementor-widget-text-editor\" data-id=\"b5bb456\" data-element_type=\"widget\" data-e-type=\"widget\" data-widget_type=\"text-editor.default\">\n\t\t\t\t<div class=\"elementor-widget-container\">\n\t\t\t\t\t\t\t\t\t<p>Vizedirektorin, Family Office<\/p>\n<p>Tel.:\u00a0<a href=\"tel:+41612770125\">+41 61 277 01 25<\/a><br \/>\nMail:\u00a0<a href=\"mailto:dragana.savic@stg-basel.ch\">dragana.savic@stg-basel.ch<\/a><\/p>\n\t\t\t\t\t\t\t\t<\/div>\n\t\t\t\t<\/div>\n\t\t\t\t\t<\/div>\n\t\t\t\t<\/div>\n\t\t\t\t<\/div>\n\t\t\t\t<div data-elementor-type=\"loop-item\" data-elementor-id=\"498\" class=\"elementor elementor-498 e-loop-item e-loop-item-1315 post-1315 team type-team status-publish has-post-thumbnail hentry team-bereich-mitarbeitende\" data-elementor-post-type=\"elementor_library\" data-custom-edit-handle=\"1\">\n\t\t\t<div class=\"elementor-element elementor-element-f1de5c6 e-flex e-con-boxed elementor-invisible e-con e-parent\" data-id=\"f1de5c6\" data-element_type=\"container\" data-e-type=\"container\" data-settings=\"{&quot;animation&quot;:&quot;fadeInUp&quot;}\">\n\t\t\t\t\t<div class=\"e-con-inner\">\n\t\t\t\t<div class=\"elementor-element elementor-element-a6724ec elementor-widget elementor-widget-theme-post-featured-image elementor-widget-image\" data-id=\"a6724ec\" data-element_type=\"widget\" data-e-type=\"widget\" data-widget_type=\"theme-post-featured-image.default\">\n\t\t\t\t<div class=\"elementor-widget-container\">\n\t\t\t\t\t\t\t\t\t\t\t\t\t\t\t<img loading=\"lazy\" decoding=\"async\" width=\"800\" height=\"534\" src=\"https:\/\/www.stg-basel.ch\/wp-content\/uploads\/2024\/03\/STG-Basel-Gerald-Steullet-1024x683.jpg\" class=\"attachment-large size-large wp-image-710\" alt=\"\" srcset=\"https:\/\/www.stg-basel.ch\/wp-content\/uploads\/2024\/03\/STG-Basel-Gerald-Steullet-1024x683.jpg 1024w, https:\/\/www.stg-basel.ch\/wp-content\/uploads\/2024\/03\/STG-Basel-Gerald-Steullet-300x200.jpg 300w, https:\/\/www.stg-basel.ch\/wp-content\/uploads\/2024\/03\/STG-Basel-Gerald-Steullet-768x512.jpg 768w, https:\/\/www.stg-basel.ch\/wp-content\/uploads\/2024\/03\/STG-Basel-Gerald-Steullet-1536x1024.jpg 1536w, https:\/\/www.stg-basel.ch\/wp-content\/uploads\/2024\/03\/STG-Basel-Gerald-Steullet.jpg 2048w\" sizes=\"(max-width: 800px) 100vw, 800px\" \/>\t\t\t\t\t\t\t\t\t\t\t\t\t\t\t<\/div>\n\t\t\t\t<\/div>\n\t\t\t\t<div class=\"elementor-element elementor-element-0d3cfd9 elementor-widget elementor-widget-theme-post-title elementor-page-title elementor-widget-heading\" data-id=\"0d3cfd9\" data-element_type=\"widget\" data-e-type=\"widget\" data-widget_type=\"theme-post-title.default\">\n\t\t\t\t<div class=\"elementor-widget-container\">\n\t\t\t\t\t<h4 class=\"elementor-heading-title elementor-size-default\">Steullet G\u00e9rald<\/h4>\t\t\t\t<\/div>\n\t\t\t\t<\/div>\n\t\t\t\t<div class=\"elementor-element elementor-element-b5bb456 elementor-widget elementor-widget-text-editor\" data-id=\"b5bb456\" data-element_type=\"widget\" data-e-type=\"widget\" data-widget_type=\"text-editor.default\">\n\t\t\t\t<div class=\"elementor-widget-container\">\n\t\t\t\t\t\t\t\t\t<p>Economiste d\u2019entreprise ESCEA<br \/>\nCFO<br \/>\nMembre de la Direction<\/p>\n<p>Tel.:\u00a0<a href=\"tel:+41612770133\">+41 61 277 01 33<\/a><br \/>\nMail:\u00a0<a href=\"mailto:gerald.steullet@stg-basel.ch\">gerald.steullet@stg-basel.ch<\/a><\/p>\n\t\t\t\t\t\t\t\t<\/div>\n\t\t\t\t<\/div>\n\t\t\t\t\t<\/div>\n\t\t\t\t<\/div>\n\t\t\t\t<\/div>\n\t\t\t\t<div data-elementor-type=\"loop-item\" data-elementor-id=\"498\" class=\"elementor elementor-498 e-loop-item e-loop-item-1313 post-1313 team type-team status-publish has-post-thumbnail hentry team-bereich-mitarbeitende\" data-elementor-post-type=\"elementor_library\" data-custom-edit-handle=\"1\">\n\t\t\t<div class=\"elementor-element elementor-element-f1de5c6 e-flex e-con-boxed elementor-invisible e-con e-parent\" data-id=\"f1de5c6\" data-element_type=\"container\" data-e-type=\"container\" data-settings=\"{&quot;animation&quot;:&quot;fadeInUp&quot;}\">\n\t\t\t\t\t<div class=\"e-con-inner\">\n\t\t\t\t<div class=\"elementor-element elementor-element-a6724ec elementor-widget elementor-widget-theme-post-featured-image elementor-widget-image\" data-id=\"a6724ec\" data-element_type=\"widget\" data-e-type=\"widget\" data-widget_type=\"theme-post-featured-image.default\">\n\t\t\t\t<div class=\"elementor-widget-container\">\n\t\t\t\t\t\t\t\t\t\t\t\t\t\t\t<img loading=\"lazy\" decoding=\"async\" width=\"800\" height=\"534\" src=\"https:\/\/www.stg-basel.ch\/wp-content\/uploads\/2024\/03\/STG-Basel-Stefan-Vasic-1024x683.jpg\" class=\"attachment-large size-large wp-image-732\" alt=\"\" srcset=\"https:\/\/www.stg-basel.ch\/wp-content\/uploads\/2024\/03\/STG-Basel-Stefan-Vasic-1024x683.jpg 1024w, https:\/\/www.stg-basel.ch\/wp-content\/uploads\/2024\/03\/STG-Basel-Stefan-Vasic-300x200.jpg 300w, https:\/\/www.stg-basel.ch\/wp-content\/uploads\/2024\/03\/STG-Basel-Stefan-Vasic-768x512.jpg 768w, https:\/\/www.stg-basel.ch\/wp-content\/uploads\/2024\/03\/STG-Basel-Stefan-Vasic-1536x1024.jpg 1536w, https:\/\/www.stg-basel.ch\/wp-content\/uploads\/2024\/03\/STG-Basel-Stefan-Vasic.jpg 2048w\" sizes=\"(max-width: 800px) 100vw, 800px\" \/>\t\t\t\t\t\t\t\t\t\t\t\t\t\t\t<\/div>\n\t\t\t\t<\/div>\n\t\t\t\t<div class=\"elementor-element elementor-element-0d3cfd9 elementor-widget elementor-widget-theme-post-title elementor-page-title elementor-widget-heading\" data-id=\"0d3cfd9\" data-element_type=\"widget\" data-e-type=\"widget\" data-widget_type=\"theme-post-title.default\">\n\t\t\t\t<div class=\"elementor-widget-container\">\n\t\t\t\t\t<h4 class=\"elementor-heading-title elementor-size-default\">Vasic Stefan<\/h4>\t\t\t\t<\/div>\n\t\t\t\t<\/div>\n\t\t\t\t<div class=\"elementor-element elementor-element-b5bb456 elementor-widget elementor-widget-text-editor\" data-id=\"b5bb456\" data-element_type=\"widget\" data-e-type=\"widget\" data-widget_type=\"text-editor.default\">\n\t\t\t\t<div class=\"elementor-widget-container\">\n\t\t\t\t\t\t\t\t\t<p>Agent fiduciaire avec brevet f\u00e9d\u00e9ral<br \/>\nMandataire commercial, Family Office<\/p>\n<p>Tel.:\u00a0<a href=\"tel:+41612770130\">+41 61 277 01 30<\/a><br \/>\nMail:\u00a0<a href=\"mailto:stefan.vasic@stg-basel.ch\">stefan.vasic@stg-basel.ch<\/a><\/p>\n\t\t\t\t\t\t\t\t<\/div>\n\t\t\t\t<\/div>\n\t\t\t\t\t<\/div>\n\t\t\t\t<\/div>\n\t\t\t\t<\/div>\n\t\t\t\t<\/div>\n\t\t\n\t\t\t\t\t\t<\/div>\n\t\t\t\t<\/div>\n\t\t\t\t<\/div>\n\t\t\t\t\t<\/div>\n\t\t\t\t<\/section>\n\t\t<section class=\"elementor-element elementor-element-e344695 e-flex e-con-boxed elementor-invisible e-con e-parent\" data-id=\"e344695\" data-element_type=\"container\" data-e-type=\"container\" data-settings=\"{&quot;animation&quot;:&quot;fadeInUp&quot;}\">\n\t\t\t\t\t<div class=\"e-con-inner\">\n\t\t<div class=\"elementor-element elementor-element-9a32e9d ctasection e-flex e-con-boxed e-con e-child\" data-id=\"9a32e9d\" data-element_type=\"container\" data-e-type=\"container\">\n\t\t\t\t\t<div class=\"e-con-inner\">\n\t\t\t\t<div class=\"elementor-element elementor-element-df3898b elementor-widget-mobile__width-inherit elementor-widget elementor-widget-text-editor\" data-id=\"df3898b\" data-element_type=\"widget\" data-e-type=\"widget\" data-widget_type=\"text-editor.default\">\n\t\t\t\t<div class=\"elementor-widget-container\">\n\t\t\t\t\t\t\t\t\t<p>Avez-vous des questions?<br \/>Souhaitez-vous des conseils?<\/p>\t\t\t\t\t\t\t\t<\/div>\n\t\t\t\t<\/div>\n\t\t\t\t<div class=\"elementor-element elementor-element-d9346b3 elementor-widget-mobile__width-inherit elementor-widget elementor-widget-button\" data-id=\"d9346b3\" data-element_type=\"widget\" data-e-type=\"widget\" data-widget_type=\"button.default\">\n\t\t\t\t<div class=\"elementor-widget-container\">\n\t\t\t\t\t\t\t\t\t<div class=\"elementor-button-wrapper\">\n\t\t\t\t\t<a class=\"elementor-button elementor-button-link elementor-size-sm\" href=\"https:\/\/www.stg-basel.ch\/fr\/contact\/\">\n\t\t\t\t\t\t<span class=\"elementor-button-content-wrapper\">\n\t\t\t\t\t\t\t\t\t<span class=\"elementor-button-text\">Contact<\/span>\n\t\t\t\t\t<\/span>\n\t\t\t\t\t<\/a>\n\t\t\t\t<\/div>\n\t\t\t\t\t\t\t\t<\/div>\n\t\t\t\t<\/div>\n\t\t\t\t\t<\/div>\n\t\t\t\t<\/div>\n\t\t\t\t\t<\/div>\n\t\t\t\t<\/section>\n\t\t\t\t<\/div>\n\t\t","protected":false},"excerpt":{"rendered":"<p>Une \u00e9quipe pourtous les cas Contact Notre \u00e9quipe Nous sommes toujours l\u00e0 pour vous et sommes heureux de vous soutenir partout o\u00f9 nous le pouvons. Associ\u00e9s Employ\u00e9s Avez-vous des questions?Souhaitez-vous des conseils? Contact<\/p>\n","protected":false},"author":1,"featured_media":758,"parent":0,"menu_order":0,"comment_status":"closed","ping_status":"closed","template":"","meta":{"_acf_changed":false,"footnotes":""},"class_list":["post-955","page","type-page","status-publish","has-post-thumbnail","hentry"],"acf":[],"yoast_head":"<!-- This site is optimized with the Yoast SEO plugin v28.4 - https:\/\/yoast.com\/product\/yoast-seo-wordpress\/ -->\n<title>\u00c9quipe - Schweizerische Treuhandgesellschaft (Basel) AG<\/title>\n<meta name=\"description\" content=\"Notre \u00e9quipe \u2013 Nous sommes toujours l\u00e0 pour vous et sommes heureux de vous soutenir partout o\u00f9 nous le pouvons.\" \/>\n<meta name=\"robots\" content=\"index, follow, max-snippet:-1, max-image-preview:large, max-video-preview:-1\" \/>\n<link rel=\"canonical\" href=\"https:\/\/www.stg-basel.ch\/fr\/equipe\/\" \/>\n<meta property=\"og:locale\" content=\"fr_FR\" \/>\n<meta property=\"og:type\" content=\"article\" \/>\n<meta property=\"og:title\" content=\"\u00c9quipe - Schweizerische Treuhandgesellschaft (Basel) AG\" \/>\n<meta property=\"og:description\" content=\"Notre \u00e9quipe \u2013 Nous sommes toujours l\u00e0 pour vous et sommes heureux de vous soutenir partout o\u00f9 nous le pouvons.\" \/>\n<meta property=\"og:url\" content=\"https:\/\/www.stg-basel.ch\/fr\/equipe\/\" \/>\n<meta property=\"og:site_name\" content=\"Schweizerische Treuhandgesellschaft (Basel) AG\" \/>\n<meta property=\"article:modified_time\" content=\"2024-07-19T12:48:16+00:00\" \/>\n<meta property=\"og:image\" content=\"https:\/\/www.stg-basel.ch\/wp-content\/uploads\/2024\/03\/Schweizerische-Treuhandgesellschaft-Revision-Ueber-uns.jpg\" \/>\n\t<meta property=\"og:image:width\" content=\"1024\" \/>\n\t<meta property=\"og:image:height\" content=\"683\" \/>\n\t<meta property=\"og:image:type\" content=\"image\/jpeg\" \/>\n<meta name=\"twitter:card\" content=\"summary_large_image\" \/>\n<meta name=\"twitter:label1\" content=\"Dur\u00e9e de lecture estim\u00e9e\" \/>\n\t<meta name=\"twitter:data1\" content=\"10 minutes\" \/>\n<script type=\"application\/ld+json\" class=\"yoast-schema-graph\">{\"@context\":\"https:\\\/\\\/schema.org\",\"@graph\":[{\"@type\":\"WebPage\",\"@id\":\"https:\\\/\\\/www.stg-basel.ch\\\/fr\\\/equipe\\\/\",\"url\":\"https:\\\/\\\/www.stg-basel.ch\\\/fr\\\/equipe\\\/\",\"name\":\"\u00c9quipe - Schweizerische Treuhandgesellschaft (Basel) AG\",\"isPartOf\":{\"@id\":\"https:\\\/\\\/www.stg-basel.ch\\\/#website\"},\"primaryImageOfPage\":{\"@id\":\"https:\\\/\\\/www.stg-basel.ch\\\/fr\\\/equipe\\\/#primaryimage\"},\"image\":{\"@id\":\"https:\\\/\\\/www.stg-basel.ch\\\/fr\\\/equipe\\\/#primaryimage\"},\"thumbnailUrl\":\"https:\\\/\\\/www.stg-basel.ch\\\/wp-content\\\/uploads\\\/2024\\\/03\\\/Schweizerische-Treuhandgesellschaft-Revision-Ueber-uns.jpg\",\"datePublished\":\"2024-03-14T07:12:46+00:00\",\"dateModified\":\"2024-07-19T12:48:16+00:00\",\"description\":\"Notre \u00e9quipe \u2013 Nous sommes toujours l\u00e0 pour vous et sommes heureux de vous soutenir partout o\u00f9 nous le pouvons.\",\"breadcrumb\":{\"@id\":\"https:\\\/\\\/www.stg-basel.ch\\\/fr\\\/equipe\\\/#breadcrumb\"},\"inLanguage\":\"fr-FR\",\"potentialAction\":[{\"@type\":\"ReadAction\",\"target\":[\"https:\\\/\\\/www.stg-basel.ch\\\/fr\\\/equipe\\\/\"]}]},{\"@type\":\"ImageObject\",\"inLanguage\":\"fr-FR\",\"@id\":\"https:\\\/\\\/www.stg-basel.ch\\\/fr\\\/equipe\\\/#primaryimage\",\"url\":\"https:\\\/\\\/www.stg-basel.ch\\\/wp-content\\\/uploads\\\/2024\\\/03\\\/Schweizerische-Treuhandgesellschaft-Revision-Ueber-uns.jpg\",\"contentUrl\":\"https:\\\/\\\/www.stg-basel.ch\\\/wp-content\\\/uploads\\\/2024\\\/03\\\/Schweizerische-Treuhandgesellschaft-Revision-Ueber-uns.jpg\",\"width\":1024,\"height\":683},{\"@type\":\"BreadcrumbList\",\"@id\":\"https:\\\/\\\/www.stg-basel.ch\\\/fr\\\/equipe\\\/#breadcrumb\",\"itemListElement\":[{\"@type\":\"ListItem\",\"position\":1,\"name\":\"Startseite\",\"item\":\"https:\\\/\\\/www.stg-basel.ch\\\/fr\\\/\"},{\"@type\":\"ListItem\",\"position\":2,\"name\":\"\u00c9quipe\"}]},{\"@type\":\"WebSite\",\"@id\":\"https:\\\/\\\/www.stg-basel.ch\\\/#website\",\"url\":\"https:\\\/\\\/www.stg-basel.ch\\\/\",\"name\":\"Schweizerische Treuhandgesellschaft (Basel) AG\",\"description\":\"\",\"publisher\":{\"@id\":\"https:\\\/\\\/www.stg-basel.ch\\\/#organization\"},\"potentialAction\":[{\"@type\":\"SearchAction\",\"target\":{\"@type\":\"EntryPoint\",\"urlTemplate\":\"https:\\\/\\\/www.stg-basel.ch\\\/?s={search_term_string}\"},\"query-input\":{\"@type\":\"PropertyValueSpecification\",\"valueRequired\":true,\"valueName\":\"search_term_string\"}}],\"inLanguage\":\"fr-FR\"},{\"@type\":\"Organization\",\"@id\":\"https:\\\/\\\/www.stg-basel.ch\\\/#organization\",\"name\":\"Schweizerische Treuhandgesellschaft (Basel) AG\",\"url\":\"https:\\\/\\\/www.stg-basel.ch\\\/\",\"logo\":{\"@type\":\"ImageObject\",\"inLanguage\":\"fr-FR\",\"@id\":\"https:\\\/\\\/www.stg-basel.ch\\\/#\\\/schema\\\/logo\\\/image\\\/\",\"url\":\"https:\\\/\\\/www.stg-basel.ch\\\/wp-content\\\/uploads\\\/2024\\\/03\\\/Logo-STG-Basel.svg\",\"contentUrl\":\"https:\\\/\\\/www.stg-basel.ch\\\/wp-content\\\/uploads\\\/2024\\\/03\\\/Logo-STG-Basel.svg\",\"width\":443,\"height\":85,\"caption\":\"Schweizerische Treuhandgesellschaft (Basel) AG\"},\"image\":{\"@id\":\"https:\\\/\\\/www.stg-basel.ch\\\/#\\\/schema\\\/logo\\\/image\\\/\"}}]}<\/script>\n<!-- \/ Yoast SEO plugin. -->","yoast_head_json":{"title":"\u00c9quipe - Schweizerische Treuhandgesellschaft (Basel) AG","description":"Notre \u00e9quipe \u2013 Nous sommes toujours l\u00e0 pour vous et sommes heureux de vous soutenir partout o\u00f9 nous le pouvons.","robots":{"index":"index","follow":"follow","max-snippet":"max-snippet:-1","max-image-preview":"max-image-preview:large","max-video-preview":"max-video-preview:-1"},"canonical":"https:\/\/www.stg-basel.ch\/fr\/equipe\/","og_locale":"fr_FR","og_type":"article","og_title":"\u00c9quipe - Schweizerische Treuhandgesellschaft (Basel) AG","og_description":"Notre \u00e9quipe \u2013 Nous sommes toujours l\u00e0 pour vous et sommes heureux de vous soutenir partout o\u00f9 nous le pouvons.","og_url":"https:\/\/www.stg-basel.ch\/fr\/equipe\/","og_site_name":"Schweizerische Treuhandgesellschaft (Basel) AG","article_modified_time":"2024-07-19T12:48:16+00:00","og_image":[{"width":1024,"height":683,"url":"https:\/\/www.stg-basel.ch\/wp-content\/uploads\/2024\/03\/Schweizerische-Treuhandgesellschaft-Revision-Ueber-uns.jpg","type":"image\/jpeg"}],"twitter_card":"summary_large_image","twitter_misc":{"Dur\u00e9e de lecture estim\u00e9e":"10 minutes"},"schema":{"@context":"https:\/\/schema.org","@graph":[{"@type":"WebPage","@id":"https:\/\/www.stg-basel.ch\/fr\/equipe\/","url":"https:\/\/www.stg-basel.ch\/fr\/equipe\/","name":"\u00c9quipe - Schweizerische Treuhandgesellschaft (Basel) AG","isPartOf":{"@id":"https:\/\/www.stg-basel.ch\/#website"},"primaryImageOfPage":{"@id":"https:\/\/www.stg-basel.ch\/fr\/equipe\/#primaryimage"},"image":{"@id":"https:\/\/www.stg-basel.ch\/fr\/equipe\/#primaryimage"},"thumbnailUrl":"https:\/\/www.stg-basel.ch\/wp-content\/uploads\/2024\/03\/Schweizerische-Treuhandgesellschaft-Revision-Ueber-uns.jpg","datePublished":"2024-03-14T07:12:46+00:00","dateModified":"2024-07-19T12:48:16+00:00","description":"Notre \u00e9quipe \u2013 Nous sommes toujours l\u00e0 pour vous et sommes heureux de vous soutenir partout o\u00f9 nous le pouvons.","breadcrumb":{"@id":"https:\/\/www.stg-basel.ch\/fr\/equipe\/#breadcrumb"},"inLanguage":"fr-FR","potentialAction":[{"@type":"ReadAction","target":["https:\/\/www.stg-basel.ch\/fr\/equipe\/"]}]},{"@type":"ImageObject","inLanguage":"fr-FR","@id":"https:\/\/www.stg-basel.ch\/fr\/equipe\/#primaryimage","url":"https:\/\/www.stg-basel.ch\/wp-content\/uploads\/2024\/03\/Schweizerische-Treuhandgesellschaft-Revision-Ueber-uns.jpg","contentUrl":"https:\/\/www.stg-basel.ch\/wp-content\/uploads\/2024\/03\/Schweizerische-Treuhandgesellschaft-Revision-Ueber-uns.jpg","width":1024,"height":683},{"@type":"BreadcrumbList","@id":"https:\/\/www.stg-basel.ch\/fr\/equipe\/#breadcrumb","itemListElement":[{"@type":"ListItem","position":1,"name":"Startseite","item":"https:\/\/www.stg-basel.ch\/fr\/"},{"@type":"ListItem","position":2,"name":"\u00c9quipe"}]},{"@type":"WebSite","@id":"https:\/\/www.stg-basel.ch\/#website","url":"https:\/\/www.stg-basel.ch\/","name":"Schweizerische Treuhandgesellschaft (Basel) AG","description":"","publisher":{"@id":"https:\/\/www.stg-basel.ch\/#organization"},"potentialAction":[{"@type":"SearchAction","target":{"@type":"EntryPoint","urlTemplate":"https:\/\/www.stg-basel.ch\/?s={search_term_string}"},"query-input":{"@type":"PropertyValueSpecification","valueRequired":true,"valueName":"search_term_string"}}],"inLanguage":"fr-FR"},{"@type":"Organization","@id":"https:\/\/www.stg-basel.ch\/#organization","name":"Schweizerische Treuhandgesellschaft (Basel) AG","url":"https:\/\/www.stg-basel.ch\/","logo":{"@type":"ImageObject","inLanguage":"fr-FR","@id":"https:\/\/www.stg-basel.ch\/#\/schema\/logo\/image\/","url":"https:\/\/www.stg-basel.ch\/wp-content\/uploads\/2024\/03\/Logo-STG-Basel.svg","contentUrl":"https:\/\/www.stg-basel.ch\/wp-content\/uploads\/2024\/03\/Logo-STG-Basel.svg","width":443,"height":85,"caption":"Schweizerische Treuhandgesellschaft (Basel) AG"},"image":{"@id":"https:\/\/www.stg-basel.ch\/#\/schema\/logo\/image\/"}}]}},"_links":{"self":[{"href":"https:\/\/www.stg-basel.ch\/fr\/wp-json\/wp\/v2\/pages\/955","targetHints":{"allow":["GET"]}}],"collection":[{"href":"https:\/\/www.stg-basel.ch\/fr\/wp-json\/wp\/v2\/pages"}],"about":[{"href":"https:\/\/www.stg-basel.ch\/fr\/wp-json\/wp\/v2\/types\/page"}],"author":[{"embeddable":true,"href":"https:\/\/www.stg-basel.ch\/fr\/wp-json\/wp\/v2\/users\/1"}],"replies":[{"embeddable":true,"href":"https:\/\/www.stg-basel.ch\/fr\/wp-json\/wp\/v2\/comments?post=955"}],"version-history":[{"count":5,"href":"https:\/\/www.stg-basel.ch\/fr\/wp-json\/wp\/v2\/pages\/955\/revisions"}],"predecessor-version":[{"id":1400,"href":"https:\/\/www.stg-basel.ch\/fr\/wp-json\/wp\/v2\/pages\/955\/revisions\/1400"}],"wp:featuredmedia":[{"embeddable":true,"href":"https:\/\/www.stg-basel.ch\/fr\/wp-json\/wp\/v2\/media\/758"}],"wp:attachment":[{"href":"https:\/\/www.stg-basel.ch\/fr\/wp-json\/wp\/v2\/media?parent=955"}],"curies":[{"name":"wp","href":"https:\/\/api.w.org\/{rel}","templated":true}]}}